{"id":1819,"date":"2022-12-07T15:38:42","date_gmt":"2022-12-07T15:38:42","guid":{"rendered":"https:\/\/cmps-ksg.ch\/literatur\/"},"modified":"2025-03-04T15:59:33","modified_gmt":"2025-03-04T15:59:33","slug":"litterature","status":"publish","type":"page","link":"https:\/\/cmps-ksg.ch\/fr\/litterature\/","title":{"rendered":"Litt\u00e9rature"},"content":{"rendered":"\n<div class=\"wp-block-cover alignfull is-light has-parallax\" style=\"min-height:50vh;aspect-ratio:unset;\"><span aria-hidden=\"true\" class=\"wp-block-cover__background has-background-dim-0 has-background-dim\"><\/span><div class=\"wp-block-cover__image-background wp-image-1058 has-parallax\" style=\"background-position:50% 50%;background-image:url(https:\/\/cmps-ksg.ch\/wp-content\/uploads\/2022\/12\/syd-wachs-slItfWbhijc-unsplash_2.webp)\"><\/div><div class=\"wp-block-cover__inner-container is-layout-flow wp-block-cover-is-layout-flow\">\n<p class=\"has-text-align-center has-large-font-size\"><\/p>\n<\/div><\/div>\n\n\n\n<h1 class=\"wp-block-heading\">Litt\u00e9rature<\/h1>\n\n\n\n<h2 class=\"wp-block-heading\">Livres<\/h2>\n\n\n<style>.kb-row-layout-id1819_34d2c3-ba > .kt-row-column-wrap{align-content:start;}:where(.kb-row-layout-id1819_34d2c3-ba > .kt-row-column-wrap) > .wp-block-kadence-column{justify-content:start;}.kb-row-layout-id1819_34d2c3-ba > .kt-row-column-wrap{column-gap:var(--global-kb-gap-md, 2rem);row-gap:var(--global-kb-gap-md, 2rem);padding-top:var(--global-kb-spacing-sm, 1.5rem);padding-bottom:var(--global-kb-spacing-sm, 1.5rem);grid-template-columns:minmax(0, calc(70% - ((var(--global-kb-gap-md, 2rem) * 1 )\/2)))minmax(0, calc(30% - ((var(--global-kb-gap-md, 2rem) * 1 )\/2)));}.kb-row-layout-id1819_34d2c3-ba > .kt-row-layout-overlay{opacity:0.30;}@media all and (max-width: 1024px){.kb-row-layout-id1819_34d2c3-ba > .kt-row-column-wrap{grid-template-columns:repeat(2, minmax(0, 1fr));}}@media all and (max-width: 767px){.kb-row-layout-id1819_34d2c3-ba > .kt-row-column-wrap{grid-template-columns:minmax(0, 1fr);}}<\/style><div class=\"kb-row-layout-wrap kb-row-layout-id1819_34d2c3-ba alignnone wp-block-kadence-rowlayout\"><div class=\"kt-row-column-wrap kt-has-2-columns kt-row-layout-equal kt-tab-layout-inherit kt-mobile-layout-row kt-row-valign-top\">\n<style>.kadence-column1819_9550ea-f5 > .kt-inside-inner-col,.kadence-column1819_9550ea-f5 > .kt-inside-inner-col:before{border-top-left-radius:0px;border-top-right-radius:0px;border-bottom-right-radius:0px;border-bottom-left-radius:0px;}.kadence-column1819_9550ea-f5 > .kt-inside-inner-col{column-gap:var(--global-kb-gap-sm, 1rem);}.kadence-column1819_9550ea-f5 > .kt-inside-inner-col{flex-direction:column;}.kadence-column1819_9550ea-f5 > .kt-inside-inner-col > .aligncenter{width:100%;}.kadence-column1819_9550ea-f5 > .kt-inside-inner-col:before{opacity:0.3;}.kadence-column1819_9550ea-f5{position:relative;}@media all and (max-width: 1024px){.kadence-column1819_9550ea-f5 > .kt-inside-inner-col{flex-direction:column;justify-content:center;}}@media all and (max-width: 767px){.kadence-column1819_9550ea-f5 > .kt-inside-inner-col{flex-direction:column;justify-content:center;}}<\/style>\n<div class=\"wp-block-kadence-column kadence-column1819_9550ea-f5 inner-column-1\"><div class=\"kt-inside-inner-col\">\n<h3 class=\"wp-block-heading\">Sant\u00e9 en prison<\/h3>\n\n\n\n<h4 class=\"wp-block-heading\">Priv\u00e9es de leur libert\u00e9, les personnes d\u00e9tenues sont d\u00e9pendantes de celles et ceux qui les surveillent, notamment pour leur sant\u00e9. Or, la population carc\u00e9rale est particuli\u00e8rement concern\u00e9e par les actes auto-dommageables, la violence et les blessures ainsi que par l\u2019addiction, les troubles psychiatriques ou les maladies infectieuses.<\/h4>\n\n\n\n<p>La sauvegarde de l\u2019int\u00e9grit\u00e9 physique et psychique des personnes d\u00e9tenues est une priorit\u00e9 non seulement pour les professionnels de la sant\u00e9, mais \u00e9galement pour l\u2019ensemble du personnel travaillant en prison. Les soins m\u00e9dicaux doivent \u00eatre ind\u00e9pendants et correspondre \u00e0 des principes d\u2019\u00e9quivalence par rapport \u00e0 la population g\u00e9n\u00e9rale. Ils rel\u00e8vent donc de la responsabilit\u00e9 d\u2019un \u00c9tat de droit, au m\u00eame titre que des conditions d\u2019h\u00e9bergement dignes, qu\u2019une nourriture adapt\u00e9e aux besoins ou que le maintien de contacts avec le monde ext\u00e9rieur.<\/p>\n\n\n\n<p>Unique en son domaine, cet ouvrage s\u2019adresse \u00e0 toutes celles et ceux qui assument une part de cette responsabilit\u00e9 collective dans la protection de personnes vuln\u00e9rables, bien souvent soumises \u00e0 des conditions de d\u00e9tention qui aggravent leur \u00e9tat de sant\u00e9. Il constitue une mise \u00e0 jour du livre M\u00e9decine, sant\u00e9 et prison, paru en 2006 aux m\u00eames \u00e9ditions. La pr\u00e9sentation initiale des aspects juridiques, \u00e9thiques et organisationnels de la m\u00e9decine en milieu carc\u00e9ral, puis la description d\u00e9taill\u00e9e des pratiques de m\u00e9decine de premier recours et de psychiatrie en milieu p\u00e9nitentiaire, r\u00e9sultent des contributions de plus de 90 auteurs reconnus dans les domaines de la m\u00e9decine, de la psychiatrie, de la psychologie, du droit et du monde p\u00e9nitentiaire, tant au niveau national qu\u2019international.<\/p>\n\n\n\n<div class=\"wp-block-buttons is-layout-flex wp-block-buttons-is-layout-flex\">\n<div class=\"wp-block-button\"><a class=\"wp-block-button__link wp-element-button\" href=\"https:\/\/boutique.revmed.ch\/sante-en-prison\" target=\"_blank\" rel=\"noreferrer noopener\">commander<\/a><\/div>\n<\/div>\n<\/div><\/div>\n\n\n<style>.kadence-column1819_ade280-4c > .kt-inside-inner-col,.kadence-column1819_ade280-4c > .kt-inside-inner-col:before{border-top-left-radius:0px;border-top-right-radius:0px;border-bottom-right-radius:0px;border-bottom-left-radius:0px;}.kadence-column1819_ade280-4c > .kt-inside-inner-col{column-gap:var(--global-kb-gap-sm, 1rem);}.kadence-column1819_ade280-4c > .kt-inside-inner-col{flex-direction:column;}.kadence-column1819_ade280-4c > .kt-inside-inner-col > .aligncenter{width:100%;}.kadence-column1819_ade280-4c > .kt-inside-inner-col:before{opacity:0.3;}.kadence-column1819_ade280-4c{position:relative;}@media all and (max-width: 1024px){.kadence-column1819_ade280-4c > .kt-inside-inner-col{flex-direction:column;justify-content:center;}}@media all and (max-width: 767px){.kadence-column1819_ade280-4c > .kt-inside-inner-col{flex-direction:column;justify-content:center;}}<\/style>\n<div class=\"wp-block-kadence-column kadence-column1819_ade280-4c inner-column-2\"><div class=\"kt-inside-inner-col\">\n<div class=\"wp-block-uagb-image uagb-block-37e4ba33 wp-block-uagb-image--layout-default wp-block-uagb-image--effect-static wp-block-uagb-image--align-none\"><figure class=\"wp-block-uagb-image__figure\"><a class=\"\" href=\"https:\/\/boutique.revmed.ch\/sante-en-prison\" target=\"_blank\" rel=\"noreferrer noopener\"><img decoding=\"async\" srcset=\"https:\/\/cmps-ksg.ch\/wp-content\/uploads\/2022\/12\/Buch_Sante_en_prison.jpg \" sizes=\"auto, (max-width: 480px) 150px\" src=\"https:\/\/cmps-ksg.ch\/wp-content\/uploads\/2022\/12\/Buch_Sante_en_prison.jpg\" alt=\" Sant\u00e9 en prison \" class=\"uag-image-1069\" width=\"595\" height=\"850\" title=\"\" loading=\"lazy\" role=\"img\"\/><\/a><\/figure><\/div>\n<\/div><\/div>\n\n<\/div><\/div>\n\n\n<div style=\"height:50px\" aria-hidden=\"true\" class=\"wp-block-spacer\"><\/div>\n\n\n<style>.kb-row-layout-id1819_ede640-bc > .kt-row-column-wrap{align-content:start;}:where(.kb-row-layout-id1819_ede640-bc > .kt-row-column-wrap) > .wp-block-kadence-column{justify-content:start;}.kb-row-layout-id1819_ede640-bc > .kt-row-column-wrap{column-gap:var(--global-kb-gap-md, 2rem);row-gap:var(--global-kb-gap-md, 2rem);padding-top:var(--global-kb-spacing-sm, 1.5rem);padding-bottom:var(--global-kb-spacing-sm, 1.5rem);grid-template-columns:minmax(0, 2fr) minmax(0, 1fr);}.kb-row-layout-id1819_ede640-bc > .kt-row-layout-overlay{opacity:0.30;}@media all and (max-width: 1024px){.kb-row-layout-id1819_ede640-bc > .kt-row-column-wrap{grid-template-columns:minmax(0, 2fr) minmax(0, 1fr);}}@media all and (max-width: 767px){.kb-row-layout-id1819_ede640-bc > .kt-row-column-wrap{grid-template-columns:minmax(0, 1fr);}}<\/style><div class=\"kb-row-layout-wrap kb-row-layout-id1819_ede640-bc alignnone wp-block-kadence-rowlayout\"><div class=\"kt-row-column-wrap kt-has-2-columns kt-row-layout-left-golden kt-tab-layout-inherit kt-mobile-layout-row kt-row-valign-top\">\n<style>.kadence-column1819_c03165-10 > .kt-inside-inner-col,.kadence-column1819_c03165-10 > .kt-inside-inner-col:before{border-top-left-radius:0px;border-top-right-radius:0px;border-bottom-right-radius:0px;border-bottom-left-radius:0px;}.kadence-column1819_c03165-10 > .kt-inside-inner-col{column-gap:var(--global-kb-gap-sm, 1rem);}.kadence-column1819_c03165-10 > .kt-inside-inner-col{flex-direction:column;}.kadence-column1819_c03165-10 > .kt-inside-inner-col > .aligncenter{width:100%;}.kadence-column1819_c03165-10 > .kt-inside-inner-col:before{opacity:0.3;}.kadence-column1819_c03165-10{position:relative;}@media all and (max-width: 1024px){.kadence-column1819_c03165-10 > .kt-inside-inner-col{flex-direction:column;justify-content:center;}}@media all and (max-width: 767px){.kadence-column1819_c03165-10 > .kt-inside-inner-col{flex-direction:column;justify-content:center;}}<\/style>\n<div class=\"wp-block-kadence-column kadence-column1819_c03165-10 inner-column-1\"><div class=\"kt-inside-inner-col\">\n<h3 class=\"wp-block-heading\"><strong>Tiergest\u00fctzte Therapie im Freiheitsentzug<\/strong><\/h3>\n\n\n\n<p>Taschenbuch von Theres Germann-Tillmann und Bernadette&nbsp;Roos Steiger<\/p>\n\n\n\n<p>Seit einigen Jahrzehnten wird die positive Wirkung von Therapiebegleittieren im Freiheitsentzug immer mehr erkannt. Die Autorinnen skizzieren die theoretischen Grundlagen als Voraussetzungen f\u00fcr tiergest\u00fctzte Intervention allgemein \u2013 und speziell im Freiheitsentzug. U.a. werden die Bedeutung der Mensch-Tier-Beziehung, Aspekte von Tieren im Freiheitsentzug, aktuelle Definitionen und Modelle, Konzepte und Wirkungen beschrieben.<\/p>\n\n\n\n<p><a href=\"https:\/\/cmps-ksg.ch\/wp-content\/uploads\/2022\/12\/Flyer_Germann_Roos.pdf\" target=\"_blank\" rel=\"noreferrer noopener\">Flyer zum Buch (PDF)<\/a><\/p>\n<\/div><\/div>\n\n\n<style>.kadence-column1819_48a646-f7 > .kt-inside-inner-col,.kadence-column1819_48a646-f7 > .kt-inside-inner-col:before{border-top-left-radius:0px;border-top-right-radius:0px;border-bottom-right-radius:0px;border-bottom-left-radius:0px;}.kadence-column1819_48a646-f7 > .kt-inside-inner-col{column-gap:var(--global-kb-gap-sm, 1rem);}.kadence-column1819_48a646-f7 > .kt-inside-inner-col{flex-direction:column;}.kadence-column1819_48a646-f7 > .kt-inside-inner-col > .aligncenter{width:100%;}.kadence-column1819_48a646-f7 > .kt-inside-inner-col:before{opacity:0.3;}.kadence-column1819_48a646-f7{position:relative;}@media all and (max-width: 1024px){.kadence-column1819_48a646-f7 > .kt-inside-inner-col{flex-direction:column;justify-content:center;}}@media all and (max-width: 767px){.kadence-column1819_48a646-f7 > .kt-inside-inner-col{flex-direction:column;justify-content:center;}}<\/style>\n<div class=\"wp-block-kadence-column kadence-column1819_48a646-f7 inner-column-2\"><div class=\"kt-inside-inner-col\">\n<div class=\"wp-block-uagb-image uagb-block-5d028ca3 wp-block-uagb-image--layout-default wp-block-uagb-image--effect-static wp-block-uagb-image--align-none\"><figure class=\"wp-block-uagb-image__figure\"><a class=\"\" href=\"https:\/\/cmps-ksg.ch\/wp-content\/uploads\/2022\/12\/Flyer_Germann_Roos.pdf\" target=\"_blank\" rel=\"noreferrer noopener\"><img decoding=\"async\" srcset=\"https:\/\/cmps-ksg.ch\/wp-content\/uploads\/2022\/12\/Buch_TiergestuetzteTherapie-1.jpg \" sizes=\"auto, (max-width: 480px) 150px\" src=\"https:\/\/cmps-ksg.ch\/wp-content\/uploads\/2022\/12\/Buch_TiergestuetzteTherapie-1.jpg\" alt=\"Tiergest\u00fctzte Therapie im Freiheitsentzug\" class=\"uag-image-1084\" width=\"424\" height=\"600\" title=\"\" loading=\"lazy\" role=\"img\"\/><\/a><\/figure><\/div>\n<\/div><\/div>\n\n<\/div><\/div>\n\n\n<div style=\"height:50px\" aria-hidden=\"true\" class=\"wp-block-spacer\"><\/div>\n\n\n\n<h2 class=\"wp-block-heading\">Litt\u00e9rature (en fran\u00e7ais)<\/h2>\n\n\n<style>.kb-row-layout-id1819_ee6e8a-b3 > .kt-row-column-wrap{align-content:start;}:where(.kb-row-layout-id1819_ee6e8a-b3 > .kt-row-column-wrap) > .wp-block-kadence-column{justify-content:start;}.kb-row-layout-id1819_ee6e8a-b3 > .kt-row-column-wrap{column-gap:var(--global-kb-gap-md, 2rem);row-gap:var(--global-kb-gap-md, 2rem);padding-top:var(--global-kb-spacing-sm, 1.5rem);padding-bottom:var(--global-kb-spacing-sm, 1.5rem);grid-template-columns:minmax(0, 1fr);}.kb-row-layout-id1819_ee6e8a-b3 > .kt-row-layout-overlay{opacity:0.30;}@media all and (max-width: 1024px){.kb-row-layout-id1819_ee6e8a-b3 > .kt-row-column-wrap{grid-template-columns:minmax(0, 1fr);}}@media all and (max-width: 767px){.kb-row-layout-id1819_ee6e8a-b3 > .kt-row-column-wrap{grid-template-columns:minmax(0, 1fr);}}<\/style><div class=\"kb-row-layout-wrap kb-row-layout-id1819_ee6e8a-b3 alignnone wp-block-kadence-rowlayout\"><div class=\"kt-row-column-wrap kt-has-1-columns kt-row-layout-equal kt-tab-layout-inherit kt-mobile-layout-row kt-row-valign-top\">\n<style>.kadence-column1819_e1fdc3-c9 > .kt-inside-inner-col,.kadence-column1819_e1fdc3-c9 > .kt-inside-inner-col:before{border-top-left-radius:0px;border-top-right-radius:0px;border-bottom-right-radius:0px;border-bottom-left-radius:0px;}.kadence-column1819_e1fdc3-c9 > .kt-inside-inner-col{column-gap:var(--global-kb-gap-sm, 1rem);}.kadence-column1819_e1fdc3-c9 > .kt-inside-inner-col{flex-direction:column;}.kadence-column1819_e1fdc3-c9 > .kt-inside-inner-col > .aligncenter{width:100%;}.kadence-column1819_e1fdc3-c9 > .kt-inside-inner-col:before{opacity:0.3;}.kadence-column1819_e1fdc3-c9{position:relative;}@media all and (max-width: 1024px){.kadence-column1819_e1fdc3-c9 > .kt-inside-inner-col{flex-direction:column;justify-content:center;}}@media all and (max-width: 767px){.kadence-column1819_e1fdc3-c9 > .kt-inside-inner-col{flex-direction:column;justify-content:center;}}<\/style>\n<div class=\"wp-block-kadence-column kadence-column1819_e1fdc3-c9 inner-column-1\"><div class=\"kt-inside-inner-col\"><style>.wp-block-kadence-iconlist.kt-svg-icon-list-items1819_015d8e-38:not(.this-stops-third-party-issues){margin-top:0px;margin-bottom:0px;}.wp-block-kadence-iconlist.kt-svg-icon-list-items1819_015d8e-38 ul.kt-svg-icon-list:not(.this-prevents-issues):not(.this-stops-third-party-issues):not(.tijsloc){margin-top:0px;margin-right:0px;margin-bottom:10px;margin-left:0px;}.wp-block-kadence-iconlist.kt-svg-icon-list-items1819_015d8e-38 ul.kt-svg-icon-list{grid-row-gap:20px;}.wp-block-kadence-iconlist.kt-svg-icon-list-items1819_015d8e-38 ul.kt-svg-icon-list .kt-svg-icon-list-item-wrap .kt-svg-icon-list-single{margin-right:10px;}<\/style>\n<div class=\"wp-block-kadence-iconlist kt-svg-icon-list-items kt-svg-icon-list-items1819_015d8e-38 kt-svg-icon-list-columns-1 alignnone\"><ul class=\"kt-svg-icon-list\"><style>.kt-svg-icon-list-item-1819_007a88-d2 .kt-svg-icon-list-single{font-size:40px !important;}.kt-svg-icon-list-item-1819_007a88-d2 .kt-svg-icon-list-text mark.kt-highlight{background-color:unset;font-style:normal;color:#f76a0c;-webkit-box-decoration-break:clone;box-decoration-break:clone;padding-top:0px;padding-right:0px;padding-bottom:0px;padding-left:0px;}<\/style>\n<li class=\"wp-block-kadence-listitem kt-svg-icon-list-item-wrap kt-svg-icon-list-item-1819_007a88-d2 kt-svg-icon-list-style-default\"><span class=\"kb-svg-icon-wrap kb-svg-icon-fe_fileText kt-svg-icon-list-single\"><svg viewBox=\"0 0 24 24\"  fill=\"none\" stroke=\"currentColor\" stroke-width=\"1\" stroke-linecap=\"round\" stroke-linejoin=\"round\" xmlns=\"http:\/\/www.w3.org\/2000\/svg\"  aria-hidden=\"true\"><path d=\"M14 2H6a2 2 0 0 0-2 2v16a2 2 0 0 0 2 2h12a2 2 0 0 0 2-2V8z\"\/><polyline points=\"14 2 14 8 20 8\"\/><line x1=\"16\" y1=\"13\" x2=\"8\" y2=\"13\"\/><line x1=\"16\" y1=\"17\" x2=\"8\" y2=\"17\"\/><polyline points=\"10 9 9 9 8 9\"\/><\/svg><\/span><span class=\"kt-svg-icon-list-text\"><a href=\"https:\/\/cmps-ksg.ch\/wp-content\/uploads\/2022\/12\/Medicament-dans-le-systeme-penitentiare.pdf\" target=\"_blank\" rel=\"noreferrer noopener\">Les m\u00e9dicamens das le syst\u00e8me p\u00e9nintentiaire (Prescription et fourniture de m\u00e9dicaments)<\/a><\/span><\/li>\n\n\n<style>.kt-svg-icon-list-item-1819_1457b9-91 .kt-svg-icon-list-single{font-size:40px !important;}.kt-svg-icon-list-item-1819_1457b9-91 .kt-svg-icon-list-text mark.kt-highlight{background-color:unset;font-style:normal;color:#f76a0c;-webkit-box-decoration-break:clone;box-decoration-break:clone;padding-top:0px;padding-right:0px;padding-bottom:0px;padding-left:0px;}<\/style>\n<li class=\"wp-block-kadence-listitem kt-svg-icon-list-item-wrap kt-svg-icon-list-item-1819_1457b9-91 kt-svg-icon-list-style-default\"><span class=\"kb-svg-icon-wrap kb-svg-icon-fe_fileText kt-svg-icon-list-single\"><svg viewBox=\"0 0 24 24\"  fill=\"none\" stroke=\"currentColor\" stroke-width=\"1\" stroke-linecap=\"round\" stroke-linejoin=\"round\" xmlns=\"http:\/\/www.w3.org\/2000\/svg\"  aria-hidden=\"true\"><path d=\"M14 2H6a2 2 0 0 0-2 2v16a2 2 0 0 0 2 2h12a2 2 0 0 0 2-2V8z\"\/><polyline points=\"14 2 14 8 20 8\"\/><line x1=\"16\" y1=\"13\" x2=\"8\" y2=\"13\"\/><line x1=\"16\" y1=\"17\" x2=\"8\" y2=\"17\"\/><polyline points=\"10 9 9 9 8 9\"\/><\/svg><\/span><span class=\"kt-svg-icon-list-text\"><a href=\"https:\/\/cmps-ksg.ch\/wp-content\/uploads\/2022\/12\/Mansour-LT-financement-soins-819.pdf\" target=\"_blank\" rel=\"noreferrer noopener\">A Gen\u00e8ve, fini la gratuit\u00e9 des soins pour les d\u00e9tenus (Fati Mansour, 4.9.2019, Le Temps)<\/a><\/span><\/li>\n\n\n<style>.kt-svg-icon-list-item-1819_1056f9-63 .kt-svg-icon-list-single{font-size:40px !important;}.kt-svg-icon-list-item-1819_1056f9-63 .kt-svg-icon-list-text mark.kt-highlight{background-color:unset;font-style:normal;color:#f76a0c;-webkit-box-decoration-break:clone;box-decoration-break:clone;padding-top:0px;padding-right:0px;padding-bottom:0px;padding-left:0px;}<\/style>\n<li class=\"wp-block-kadence-listitem kt-svg-icon-list-item-wrap kt-svg-icon-list-item-1819_1056f9-63 kt-svg-icon-list-style-default\"><span class=\"kb-svg-icon-wrap kb-svg-icon-fe_fileText kt-svg-icon-list-single\"><svg viewBox=\"0 0 24 24\"  fill=\"none\" stroke=\"currentColor\" stroke-width=\"1\" stroke-linecap=\"round\" stroke-linejoin=\"round\" xmlns=\"http:\/\/www.w3.org\/2000\/svg\"  aria-hidden=\"true\"><path d=\"M14 2H6a2 2 0 0 0-2 2v16a2 2 0 0 0 2 2h12a2 2 0 0 0 2-2V8z\"\/><polyline points=\"14 2 14 8 20 8\"\/><line x1=\"16\" y1=\"13\" x2=\"8\" y2=\"13\"\/><line x1=\"16\" y1=\"17\" x2=\"8\" y2=\"17\"\/><polyline points=\"10 9 9 9 8 9\"\/><\/svg><\/span><span class=\"kt-svg-icon-list-text\"><a href=\"https:\/\/cmps-ksg.ch\/wp-content\/uploads\/2022\/12\/Flyer-Livre-GRAVIER.pdf\" target=\"_blank\" rel=\"noreferrer noopener\">Penser les agressions sexuelles: Actualit\u00e9s des mod\u00e9les, actualit\u00e9 des pratiques (Flyer livre de Bruno Gavier et Pascal Roman)<\/a><\/span><\/li>\n\n\n<style>.kt-svg-icon-list-item-1819_55ddc4-a3 .kt-svg-icon-list-single{font-size:40px !important;}.kt-svg-icon-list-item-1819_55ddc4-a3 .kt-svg-icon-list-text mark.kt-highlight{background-color:unset;font-style:normal;color:#f76a0c;-webkit-box-decoration-break:clone;box-decoration-break:clone;padding-top:0px;padding-right:0px;padding-bottom:0px;padding-left:0px;}<\/style>\n<li class=\"wp-block-kadence-listitem kt-svg-icon-list-item-wrap kt-svg-icon-list-item-1819_55ddc4-a3 kt-svg-icon-list-style-default\"><span class=\"kb-svg-icon-wrap kb-svg-icon-fe_fileText kt-svg-icon-list-single\"><svg viewBox=\"0 0 24 24\"  fill=\"none\" stroke=\"currentColor\" stroke-width=\"1\" stroke-linecap=\"round\" stroke-linejoin=\"round\" xmlns=\"http:\/\/www.w3.org\/2000\/svg\"  aria-hidden=\"true\"><path d=\"M14 2H6a2 2 0 0 0-2 2v16a2 2 0 0 0 2 2h12a2 2 0 0 0 2-2V8z\"\/><polyline points=\"14 2 14 8 20 8\"\/><line x1=\"16\" y1=\"13\" x2=\"8\" y2=\"13\"\/><line x1=\"16\" y1=\"17\" x2=\"8\" y2=\"17\"\/><polyline points=\"10 9 9 9 8 9\"\/><\/svg><\/span><span class=\"kt-svg-icon-list-text\"><a href=\"https:\/\/cmps-ksg.ch\/wp-content\/uploads\/2022\/12\/Methadone-ou-Torture-Bulletin-des-Medecin-Suisses_2016.pdf\" target=\"_blank\" rel=\"noreferrer noopener\">M\u00e9thadone ou torture? Val\u00e9rie Junod, Hans Wolff, Bruno Gravier, Bidisha Chatterjee, Robert Haemmig, Olivier Simon<\/a><\/span><\/li>\n\n\n<style>.kt-svg-icon-list-item-1819_63afbe-66 .kt-svg-icon-list-single{font-size:40px !important;}.kt-svg-icon-list-item-1819_63afbe-66 .kt-svg-icon-list-text mark.kt-highlight{background-color:unset;font-style:normal;color:#f76a0c;-webkit-box-decoration-break:clone;box-decoration-break:clone;padding-top:0px;padding-right:0px;padding-bottom:0px;padding-left:0px;}<\/style>\n<li class=\"wp-block-kadence-listitem kt-svg-icon-list-item-wrap kt-svg-icon-list-item-1819_63afbe-66 kt-svg-icon-list-style-default\"><span class=\"kb-svg-icon-wrap kb-svg-icon-fe_fileText kt-svg-icon-list-single\"><svg viewBox=\"0 0 24 24\"  fill=\"none\" stroke=\"currentColor\" stroke-width=\"1\" stroke-linecap=\"round\" stroke-linejoin=\"round\" xmlns=\"http:\/\/www.w3.org\/2000\/svg\"  aria-hidden=\"true\"><path d=\"M14 2H6a2 2 0 0 0-2 2v16a2 2 0 0 0 2 2h12a2 2 0 0 0 2-2V8z\"\/><polyline points=\"14 2 14 8 20 8\"\/><line x1=\"16\" y1=\"13\" x2=\"8\" y2=\"13\"\/><line x1=\"16\" y1=\"17\" x2=\"8\" y2=\"17\"\/><polyline points=\"10 9 9 9 8 9\"\/><\/svg><\/span><span class=\"kt-svg-icon-list-text\"><a href=\"https:\/\/cmps-ksg.ch\/wp-content\/uploads\/2022\/12\/150601-f_STn_ZEK_Rueckfuehrung.pdf\" target=\"_blank\" rel=\"noreferrer noopener\">Rapatriements sous contrainte : aspects m\u00e9dicaux: Prise de position de la Commission Centrale d&rsquo;\u00c9thique<\/a><\/span><\/li>\n\n\n<style>.kt-svg-icon-list-item-1819_3e28e6-d1 .kt-svg-icon-list-single{font-size:40px !important;}.kt-svg-icon-list-item-1819_3e28e6-d1 .kt-svg-icon-list-text mark.kt-highlight{background-color:unset;font-style:normal;color:#f76a0c;-webkit-box-decoration-break:clone;box-decoration-break:clone;padding-top:0px;padding-right:0px;padding-bottom:0px;padding-left:0px;}<\/style>\n<li class=\"wp-block-kadence-listitem kt-svg-icon-list-item-wrap kt-svg-icon-list-item-1819_3e28e6-d1 kt-svg-icon-list-style-default\"><span class=\"kb-svg-icon-wrap kb-svg-icon-fe_fileText kt-svg-icon-list-single\"><svg viewBox=\"0 0 24 24\"  fill=\"none\" stroke=\"currentColor\" stroke-width=\"1\" stroke-linecap=\"round\" stroke-linejoin=\"round\" xmlns=\"http:\/\/www.w3.org\/2000\/svg\"  aria-hidden=\"true\"><path d=\"M14 2H6a2 2 0 0 0-2 2v16a2 2 0 0 0 2 2h12a2 2 0 0 0 2-2V8z\"\/><polyline points=\"14 2 14 8 20 8\"\/><line x1=\"16\" y1=\"13\" x2=\"8\" y2=\"13\"\/><line x1=\"16\" y1=\"17\" x2=\"8\" y2=\"17\"\/><polyline points=\"10 9 9 9 8 9\"\/><\/svg><\/span><span class=\"kt-svg-icon-list-text\"><a href=\"https:\/\/cmps-ksg.ch\/wp-content\/uploads\/2022\/12\/ib-1501-f.pdf\" target=\"_blank\" rel=\"noreferrer noopener\">bulletin info 1\/2015 &#8211; Informations sur l\u2019ex\u00e9cution des peines et mesures , D\u00e9partement f\u00e9d\u00e9ral de justice et police DFJP, Unit\u00e9 Ex\u00e9cution des peines et mesures<\/a><\/span><\/li>\n\n\n<style>.kt-svg-icon-list-item-1819_f886f8-0f .kt-svg-icon-list-single{font-size:40px !important;}.kt-svg-icon-list-item-1819_f886f8-0f .kt-svg-icon-list-text mark.kt-highlight{background-color:unset;font-style:normal;color:#f76a0c;-webkit-box-decoration-break:clone;box-decoration-break:clone;padding-top:0px;padding-right:0px;padding-bottom:0px;padding-left:0px;}<\/style>\n<li class=\"wp-block-kadence-listitem kt-svg-icon-list-item-wrap kt-svg-icon-list-item-1819_f886f8-0f kt-svg-icon-list-style-default\"><span class=\"kb-svg-icon-wrap kb-svg-icon-fe_fileText kt-svg-icon-list-single\"><svg viewBox=\"0 0 24 24\"  fill=\"none\" stroke=\"currentColor\" stroke-width=\"1\" stroke-linecap=\"round\" stroke-linejoin=\"round\" xmlns=\"http:\/\/www.w3.org\/2000\/svg\"  aria-hidden=\"true\"><path d=\"M14 2H6a2 2 0 0 0-2 2v16a2 2 0 0 0 2 2h12a2 2 0 0 0 2-2V8z\"\/><polyline points=\"14 2 14 8 20 8\"\/><line x1=\"16\" y1=\"13\" x2=\"8\" y2=\"13\"\/><line x1=\"16\" y1=\"17\" x2=\"8\" y2=\"17\"\/><polyline points=\"10 9 9 9 8 9\"\/><\/svg><\/span><span class=\"kt-svg-icon-list-text\"><a href=\"https:\/\/cmps-ksg.ch\/wp-content\/uploads\/2022\/12\/141215-Amel...-lors-des-rapatriements.pdf\" target=\"_blank\" rel=\"noreferrer noopener\">Am\u00e9lioration de l&rsquo;\u00e9change d&rsquo;informations m\u00e9dicales lors des rapatriements, Office f\u00e9d\u00e9ral des migrations<\/a><\/span><\/li>\n\n\n<style>.kt-svg-icon-list-item-1819_5282f8-ed .kt-svg-icon-list-single{font-size:40px !important;}.kt-svg-icon-list-item-1819_5282f8-ed .kt-svg-icon-list-text mark.kt-highlight{background-color:unset;font-style:normal;color:#f76a0c;-webkit-box-decoration-break:clone;box-decoration-break:clone;padding-top:0px;padding-right:0px;padding-bottom:0px;padding-left:0px;}<\/style>\n<li class=\"wp-block-kadence-listitem kt-svg-icon-list-item-wrap kt-svg-icon-list-item-1819_5282f8-ed kt-svg-icon-list-style-default\"><span class=\"kb-svg-icon-wrap kb-svg-icon-fe_fileText kt-svg-icon-list-single\"><svg viewBox=\"0 0 24 24\"  fill=\"none\" stroke=\"currentColor\" stroke-width=\"1\" stroke-linecap=\"round\" stroke-linejoin=\"round\" xmlns=\"http:\/\/www.w3.org\/2000\/svg\"  aria-hidden=\"true\"><path d=\"M14 2H6a2 2 0 0 0-2 2v16a2 2 0 0 0 2 2h12a2 2 0 0 0 2-2V8z\"\/><polyline points=\"14 2 14 8 20 8\"\/><line x1=\"16\" y1=\"13\" x2=\"8\" y2=\"13\"\/><line x1=\"16\" y1=\"17\" x2=\"8\" y2=\"17\"\/><polyline points=\"10 9 9 9 8 9\"\/><\/svg><\/span><span class=\"kt-svg-icon-list-text\"><a href=\"https:\/\/cmps-ksg.ch\/wp-content\/uploads\/2022\/12\/Vademecum-BAG_BIG_Brosch_f_def.pdf\" target=\"_blank\" rel=\"noreferrer noopener\">Maladies transmissibles et addictions en prison &#8211; Vademecum BAG_BIG_Brosch_f<\/a><\/span><\/li>\n\n\n<style>.kt-svg-icon-list-item-1819_349977-0f .kt-svg-icon-list-single{font-size:40px !important;}.kt-svg-icon-list-item-1819_349977-0f .kt-svg-icon-list-text mark.kt-highlight{background-color:unset;font-style:normal;color:#f76a0c;-webkit-box-decoration-break:clone;box-decoration-break:clone;padding-top:0px;padding-right:0px;padding-bottom:0px;padding-left:0px;}<\/style>\n<li class=\"wp-block-kadence-listitem kt-svg-icon-list-item-wrap kt-svg-icon-list-item-1819_349977-0f kt-svg-icon-list-style-default\"><span class=\"kb-svg-icon-wrap kb-svg-icon-fe_fileText kt-svg-icon-list-single\"><svg viewBox=\"0 0 24 24\"  fill=\"none\" stroke=\"currentColor\" stroke-width=\"1\" stroke-linecap=\"round\" stroke-linejoin=\"round\" xmlns=\"http:\/\/www.w3.org\/2000\/svg\"  aria-hidden=\"true\"><path d=\"M14 2H6a2 2 0 0 0-2 2v16a2 2 0 0 0 2 2h12a2 2 0 0 0 2-2V8z\"\/><polyline points=\"14 2 14 8 20 8\"\/><line x1=\"16\" y1=\"13\" x2=\"8\" y2=\"13\"\/><line x1=\"16\" y1=\"17\" x2=\"8\" y2=\"17\"\/><polyline points=\"10 9 9 9 8 9\"\/><\/svg><\/span><span class=\"kt-svg-icon-list-text\"><a href=\"https:\/\/cmps-ksg.ch\/wp-content\/uploads\/2025\/02\/bms_2021_20043_depistage_coercitif_covid_19.pdf\" target=\"_blank\" rel=\"noreferrer noopener\">D\u00e9pistage coercitif du Covid-19 en cas de renvoi ou d\u2019expulsion (15.9.2021, Bull Med Suisses)<\/a><\/span><\/li>\n<\/ul><\/div>\n<\/div><\/div>\n\n<\/div><\/div>\n\n\n<div style=\"height:50px\" aria-hidden=\"true\" class=\"wp-block-spacer\"><\/div>\n\n\n\n<h2 class=\"wp-block-heading\">Literature in English<\/h2>\n\n\n<style>.kb-row-layout-id1819_8c1b57-7d > .kt-row-column-wrap{align-content:start;}:where(.kb-row-layout-id1819_8c1b57-7d > .kt-row-column-wrap) > .wp-block-kadence-column{justify-content:start;}.kb-row-layout-id1819_8c1b57-7d > .kt-row-column-wrap{column-gap:var(--global-kb-gap-md, 2rem);row-gap:var(--global-kb-gap-md, 2rem);padding-top:var(--global-kb-spacing-sm, 1.5rem);padding-bottom:var(--global-kb-spacing-sm, 1.5rem);grid-template-columns:minmax(0, 1fr);}.kb-row-layout-id1819_8c1b57-7d > .kt-row-layout-overlay{opacity:0.30;}@media all and (max-width: 1024px){.kb-row-layout-id1819_8c1b57-7d > .kt-row-column-wrap{grid-template-columns:minmax(0, 1fr);}}@media all and (max-width: 767px){.kb-row-layout-id1819_8c1b57-7d > .kt-row-column-wrap{grid-template-columns:minmax(0, 1fr);}}<\/style><div class=\"kb-row-layout-wrap kb-row-layout-id1819_8c1b57-7d alignnone wp-block-kadence-rowlayout\"><div class=\"kt-row-column-wrap kt-has-1-columns kt-row-layout-equal kt-tab-layout-inherit kt-mobile-layout-row kt-row-valign-top\">\n<style>.kadence-column1819_69637e-d1 > .kt-inside-inner-col,.kadence-column1819_69637e-d1 > .kt-inside-inner-col:before{border-top-left-radius:0px;border-top-right-radius:0px;border-bottom-right-radius:0px;border-bottom-left-radius:0px;}.kadence-column1819_69637e-d1 > .kt-inside-inner-col{column-gap:var(--global-kb-gap-sm, 1rem);}.kadence-column1819_69637e-d1 > .kt-inside-inner-col{flex-direction:column;}.kadence-column1819_69637e-d1 > .kt-inside-inner-col > .aligncenter{width:100%;}.kadence-column1819_69637e-d1 > .kt-inside-inner-col:before{opacity:0.3;}.kadence-column1819_69637e-d1{position:relative;}@media all and (max-width: 1024px){.kadence-column1819_69637e-d1 > .kt-inside-inner-col{flex-direction:column;justify-content:center;}}@media all and (max-width: 767px){.kadence-column1819_69637e-d1 > .kt-inside-inner-col{flex-direction:column;justify-content:center;}}<\/style>\n<div class=\"wp-block-kadence-column kadence-column1819_69637e-d1 inner-column-1\"><div class=\"kt-inside-inner-col\"><style>.wp-block-kadence-iconlist.kt-svg-icon-list-items1819_92adae-12:not(.this-stops-third-party-issues){margin-top:0px;margin-bottom:0px;}.wp-block-kadence-iconlist.kt-svg-icon-list-items1819_92adae-12 ul.kt-svg-icon-list:not(.this-prevents-issues):not(.this-stops-third-party-issues):not(.tijsloc){margin-top:0px;margin-right:0px;margin-bottom:10px;margin-left:0px;}.wp-block-kadence-iconlist.kt-svg-icon-list-items1819_92adae-12 ul.kt-svg-icon-list{grid-row-gap:20px;}.wp-block-kadence-iconlist.kt-svg-icon-list-items1819_92adae-12 ul.kt-svg-icon-list .kt-svg-icon-list-item-wrap .kt-svg-icon-list-single{margin-right:10px;}<\/style>\n<div class=\"wp-block-kadence-iconlist kt-svg-icon-list-items kt-svg-icon-list-items1819_92adae-12 kt-svg-icon-list-columns-1 alignnone\"><ul class=\"kt-svg-icon-list\"><style>.kt-svg-icon-list-item-1819_b14606-a9 .kt-svg-icon-list-single{font-size:40px !important;}.kt-svg-icon-list-item-1819_b14606-a9 .kt-svg-icon-list-text mark.kt-highlight{background-color:unset;font-style:normal;color:#f76a0c;-webkit-box-decoration-break:clone;box-decoration-break:clone;padding-top:0px;padding-right:0px;padding-bottom:0px;padding-left:0px;}<\/style>\n<li class=\"wp-block-kadence-listitem kt-svg-icon-list-item-wrap kt-svg-icon-list-item-1819_b14606-a9 kt-svg-icon-list-style-default\"><span class=\"kb-svg-icon-wrap kb-svg-icon-fe_fileText kt-svg-icon-list-single\"><svg viewBox=\"0 0 24 24\"  fill=\"none\" stroke=\"currentColor\" stroke-width=\"1\" stroke-linecap=\"round\" stroke-linejoin=\"round\" xmlns=\"http:\/\/www.w3.org\/2000\/svg\"  aria-hidden=\"true\"><path d=\"M14 2H6a2 2 0 0 0-2 2v16a2 2 0 0 0 2 2h12a2 2 0 0 0 2-2V8z\"\/><polyline points=\"14 2 14 8 20 8\"\/><line x1=\"16\" y1=\"13\" x2=\"8\" y2=\"13\"\/><line x1=\"16\" y1=\"17\" x2=\"8\" y2=\"17\"\/><polyline points=\"10 9 9 9 8 9\"\/><\/svg><\/span><span class=\"kt-svg-icon-list-text\"><a href=\"https:\/\/cmps-ksg.ch\/wp-content\/uploads\/2024\/11\/20191012_Status-report-on-prison-health-in-the-WHO-European-Region-eng.pdf\" target=\"_blank\" rel=\"noreferrer noopener\">Status report on prison health in the WHO European Region, 2019<\/a><\/span><\/li>\n\n\n<style>.kt-svg-icon-list-item-1819_2d9e92-96 .kt-svg-icon-list-single{font-size:40px !important;}.kt-svg-icon-list-item-1819_2d9e92-96 .kt-svg-icon-list-text mark.kt-highlight{background-color:unset;font-style:normal;color:#f76a0c;-webkit-box-decoration-break:clone;box-decoration-break:clone;padding-top:0px;padding-right:0px;padding-bottom:0px;padding-left:0px;}<\/style>\n<li class=\"wp-block-kadence-listitem kt-svg-icon-list-item-wrap kt-svg-icon-list-item-1819_2d9e92-96 kt-svg-icon-list-style-default\"><span class=\"kb-svg-icon-wrap kb-svg-icon-fe_fileText kt-svg-icon-list-single\"><svg viewBox=\"0 0 24 24\"  fill=\"none\" stroke=\"currentColor\" stroke-width=\"1\" stroke-linecap=\"round\" stroke-linejoin=\"round\" xmlns=\"http:\/\/www.w3.org\/2000\/svg\"  aria-hidden=\"true\"><path d=\"M14 2H6a2 2 0 0 0-2 2v16a2 2 0 0 0 2 2h12a2 2 0 0 0 2-2V8z\"\/><polyline points=\"14 2 14 8 20 8\"\/><line x1=\"16\" y1=\"13\" x2=\"8\" y2=\"13\"\/><line x1=\"16\" y1=\"17\" x2=\"8\" y2=\"17\"\/><polyline points=\"10 9 9 9 8 9\"\/><\/svg><\/span><span class=\"kt-svg-icon-list-text\"><a href=\"https:\/\/cmps-ksg.ch\/wp-content\/uploads\/2024\/11\/20241117_women-cjs-2017-statistics-infographic.pdf\" target=\"_blank\" rel=\"noreferrer noopener\">Statistics on Women and the Criminal Justice System (England and Wales), 2017 (PDF)<\/a><\/span><\/li>\n\n\n<style>.kt-svg-icon-list-item-1819_159653-8d .kt-svg-icon-list-single{font-size:40px !important;}.kt-svg-icon-list-item-1819_159653-8d .kt-svg-icon-list-text mark.kt-highlight{background-color:unset;font-style:normal;color:#f76a0c;-webkit-box-decoration-break:clone;box-decoration-break:clone;padding-top:0px;padding-right:0px;padding-bottom:0px;padding-left:0px;}<\/style>\n<li class=\"wp-block-kadence-listitem kt-svg-icon-list-item-wrap kt-svg-icon-list-item-1819_159653-8d kt-svg-icon-list-style-default\"><span class=\"kb-svg-icon-wrap kb-svg-icon-fe_fileText kt-svg-icon-list-single\"><svg viewBox=\"0 0 24 24\"  fill=\"none\" stroke=\"currentColor\" stroke-width=\"1\" stroke-linecap=\"round\" stroke-linejoin=\"round\" xmlns=\"http:\/\/www.w3.org\/2000\/svg\"  aria-hidden=\"true\"><path d=\"M14 2H6a2 2 0 0 0-2 2v16a2 2 0 0 0 2 2h12a2 2 0 0 0 2-2V8z\"\/><polyline points=\"14 2 14 8 20 8\"\/><line x1=\"16\" y1=\"13\" x2=\"8\" y2=\"13\"\/><line x1=\"16\" y1=\"17\" x2=\"8\" y2=\"17\"\/><polyline points=\"10 9 9 9 8 9\"\/><\/svg><\/span><span class=\"kt-svg-icon-list-text\"><a href=\"https:\/\/cmps-ksg.ch\/wp-content\/uploads\/2025\/02\/20200315-WHO-Preparedness-prevention-and-control-of-COVID-19-in-prisons.pdf\" target=\"_blank\" rel=\"noreferrer noopener\">Preventing COVID-19 outbreak in prisons: a challenging but essential task for authorities (15.3.2020, WHO)<\/a><\/span><\/li>\n<\/ul><\/div>\n<\/div><\/div>\n\n<\/div><\/div>\n\n\n<p><\/p>\n","protected":false},"excerpt":{"rendered":"<p>Litt\u00e9rature Livres Sant\u00e9 en prison Priv\u00e9es de leur libert\u00e9, les personnes d\u00e9tenues sont d\u00e9pendantes de celles et ceux qui les surveillent, notamment pour leur sant\u00e9. Or, la population carc\u00e9rale est particuli\u00e8rement concern\u00e9e par les actes auto-dommageables, la violence et les blessures ainsi que par l\u2019addiction, les troubles psychiatriques ou les maladies infectieuses. La sauvegarde de [&hellip;]<\/p>\n","protected":false},"author":2,"featured_media":0,"parent":0,"menu_order":0,"comment_status":"closed","ping_status":"closed","template":"","meta":{"inline_featured_image":false,"_uag_custom_page_level_css":"","site-sidebar-layout":"default","site-content-layout":"","ast-site-content-layout":"default","site-content-style":"default","site-sidebar-style":"default","ast-global-header-display":"","ast-banner-title-visibility":"","ast-main-header-display":"","ast-hfb-above-header-display":"","ast-hfb-below-header-display":"","ast-hfb-mobile-header-display":"","site-post-title":"disabled","ast-breadcrumbs-content":"","ast-featured-img":"","footer-sml-layout":"","ast-disable-related-posts":"","theme-transparent-header-meta":"","adv-header-id-meta":"","stick-header-meta":"","header-above-stick-meta":"","header-main-stick-meta":"","header-below-stick-meta":"","astra-migrate-meta-layouts":"set","ast-page-background-enabled":"default","ast-page-background-meta":{"desktop":{"background-color":"var(--ast-global-color-4)","background-image":"","background-repeat":"repeat","background-position":"center center","background-size":"auto","background-attachment":"scroll","background-type":"","background-media":"","overlay-type":"","overlay-color":"","overlay-opacity":"","overlay-gradient":""},"tablet":{"background-color":"","background-image":"","background-repeat":"repeat","background-position":"center center","background-size":"auto","background-attachment":"scroll","background-type":"","background-media":"","overlay-type":"","overlay-color":"","overlay-opacity":"","overlay-gradient":""},"mobile":{"background-color":"","background-image":"","background-repeat":"repeat","background-position":"center center","background-size":"auto","background-attachment":"scroll","background-type":"","background-media":"","overlay-type":"","overlay-color":"","overlay-opacity":"","overlay-gradient":""}},"ast-content-background-meta":{"desktop":{"background-color":"var(--ast-global-color-5)","background-image":"","background-repeat":"repeat","background-position":"center center","background-size":"auto","background-attachment":"scroll","background-type":"","background-media":"","overlay-type":"","overlay-color":"","overlay-opacity":"","overlay-gradient":""},"tablet":{"background-color":"var(--ast-global-color-5)","background-image":"","background-repeat":"repeat","background-position":"center center","background-size":"auto","background-attachment":"scroll","background-type":"","background-media":"","overlay-type":"","overlay-color":"","overlay-opacity":"","overlay-gradient":""},"mobile":{"background-color":"var(--ast-global-color-5)","background-image":"","background-repeat":"repeat","background-position":"center center","background-size":"auto","background-attachment":"scroll","background-type":"","background-media":"","overlay-type":"","overlay-color":"","overlay-opacity":"","overlay-gradient":""}},"footnotes":""},"class_list":["post-1819","page","type-page","status-publish","hentry"],"yoast_head":"<!-- This site is optimized with the Yoast SEO plugin v27.5 - https:\/\/yoast.com\/product\/yoast-seo-wordpress\/ -->\n<title>Litt\u00e9rature - CMPS \/ KSG<\/title>\n<meta name=\"robots\" content=\"index, follow, max-snippet:-1, max-image-preview:large, max-video-preview:-1\" \/>\n<link rel=\"canonical\" href=\"https:\/\/cmps-ksg.ch\/fr\/litterature\/\" \/>\n<meta property=\"og:locale\" content=\"fr_FR\" \/>\n<meta property=\"og:type\" content=\"article\" \/>\n<meta property=\"og:title\" content=\"Litt\u00e9rature - CMPS \/ KSG\" \/>\n<meta property=\"og:description\" content=\"Litt\u00e9rature Livres Sant\u00e9 en prison Priv\u00e9es de leur libert\u00e9, les personnes d\u00e9tenues sont d\u00e9pendantes de celles et ceux qui les surveillent, notamment pour leur sant\u00e9. Or, la population carc\u00e9rale est particuli\u00e8rement concern\u00e9e par les actes auto-dommageables, la violence et les blessures ainsi que par l\u2019addiction, les troubles psychiatriques ou les maladies infectieuses. La sauvegarde de [&hellip;]\" \/>\n<meta property=\"og:url\" content=\"https:\/\/cmps-ksg.ch\/fr\/litterature\/\" \/>\n<meta property=\"og:site_name\" content=\"CMPS \/ KSG\" \/>\n<meta property=\"article:modified_time\" content=\"2025-03-04T15:59:33+00:00\" \/>\n<meta property=\"og:image\" content=\"https:\/\/cmps-ksg.ch\/wp-content\/uploads\/2022\/12\/Buch_Sante_en_prison.jpg\" \/>\n<meta name=\"twitter:card\" content=\"summary_large_image\" \/>\n<meta name=\"twitter:label1\" content=\"Dur\u00e9e de lecture estim\u00e9e\" \/>\n\t<meta name=\"twitter:data1\" content=\"4 minutes\" \/>\n<script type=\"application\/ld+json\" class=\"yoast-schema-graph\">{\"@context\":\"https:\\\/\\\/schema.org\",\"@graph\":[{\"@type\":\"WebPage\",\"@id\":\"https:\\\/\\\/cmps-ksg.ch\\\/fr\\\/litterature\\\/\",\"url\":\"https:\\\/\\\/cmps-ksg.ch\\\/fr\\\/litterature\\\/\",\"name\":\"Litt\u00e9rature - CMPS \\\/ KSG\",\"isPartOf\":{\"@id\":\"https:\\\/\\\/cmps-ksg.ch\\\/#website\"},\"primaryImageOfPage\":{\"@id\":\"https:\\\/\\\/cmps-ksg.ch\\\/fr\\\/litterature\\\/#primaryimage\"},\"image\":{\"@id\":\"https:\\\/\\\/cmps-ksg.ch\\\/fr\\\/litterature\\\/#primaryimage\"},\"thumbnailUrl\":\"https:\\\/\\\/cmps-ksg.ch\\\/wp-content\\\/uploads\\\/2022\\\/12\\\/Buch_Sante_en_prison.jpg\",\"datePublished\":\"2022-12-07T15:38:42+00:00\",\"dateModified\":\"2025-03-04T15:59:33+00:00\",\"breadcrumb\":{\"@id\":\"https:\\\/\\\/cmps-ksg.ch\\\/fr\\\/litterature\\\/#breadcrumb\"},\"inLanguage\":\"fr-FR\",\"potentialAction\":[{\"@type\":\"ReadAction\",\"target\":[\"https:\\\/\\\/cmps-ksg.ch\\\/fr\\\/litterature\\\/\"]}]},{\"@type\":\"ImageObject\",\"inLanguage\":\"fr-FR\",\"@id\":\"https:\\\/\\\/cmps-ksg.ch\\\/fr\\\/litterature\\\/#primaryimage\",\"url\":\"https:\\\/\\\/cmps-ksg.ch\\\/wp-content\\\/uploads\\\/2022\\\/12\\\/Buch_Sante_en_prison.jpg\",\"contentUrl\":\"https:\\\/\\\/cmps-ksg.ch\\\/wp-content\\\/uploads\\\/2022\\\/12\\\/Buch_Sante_en_prison.jpg\"},{\"@type\":\"BreadcrumbList\",\"@id\":\"https:\\\/\\\/cmps-ksg.ch\\\/fr\\\/litterature\\\/#breadcrumb\",\"itemListElement\":[{\"@type\":\"ListItem\",\"position\":1,\"name\":\"Home\",\"item\":\"https:\\\/\\\/cmps-ksg.ch\\\/fr\\\/\"},{\"@type\":\"ListItem\",\"position\":2,\"name\":\"Litt\u00e9rature\"}]},{\"@type\":\"WebSite\",\"@id\":\"https:\\\/\\\/cmps-ksg.ch\\\/#website\",\"url\":\"https:\\\/\\\/cmps-ksg.ch\\\/\",\"name\":\"CMPS \\\/ KSG\",\"description\":\"\",\"publisher\":{\"@id\":\"https:\\\/\\\/cmps-ksg.ch\\\/#organization\"},\"potentialAction\":[{\"@type\":\"SearchAction\",\"target\":{\"@type\":\"EntryPoint\",\"urlTemplate\":\"https:\\\/\\\/cmps-ksg.ch\\\/?s={search_term_string}\"},\"query-input\":{\"@type\":\"PropertyValueSpecification\",\"valueRequired\":true,\"valueName\":\"search_term_string\"}}],\"inLanguage\":\"fr-FR\"},{\"@type\":\"Organization\",\"@id\":\"https:\\\/\\\/cmps-ksg.ch\\\/#organization\",\"name\":\"CMPS \\\/ KSG\",\"url\":\"https:\\\/\\\/cmps-ksg.ch\\\/\",\"logo\":{\"@type\":\"ImageObject\",\"inLanguage\":\"fr-FR\",\"@id\":\"https:\\\/\\\/cmps-ksg.ch\\\/#\\\/schema\\\/logo\\\/image\\\/\",\"url\":\"https:\\\/\\\/cmps-ksg.ch\\\/wp-content\\\/uploads\\\/2023\\\/05\\\/logo_cmps-ksg.svg\",\"contentUrl\":\"https:\\\/\\\/cmps-ksg.ch\\\/wp-content\\\/uploads\\\/2023\\\/05\\\/logo_cmps-ksg.svg\",\"caption\":\"CMPS \\\/ KSG\"},\"image\":{\"@id\":\"https:\\\/\\\/cmps-ksg.ch\\\/#\\\/schema\\\/logo\\\/image\\\/\"}}]}<\/script>\n<!-- \/ Yoast SEO plugin. -->","yoast_head_json":{"title":"Litt\u00e9rature - CMPS \/ KSG","robots":{"index":"index","follow":"follow","max-snippet":"max-snippet:-1","max-image-preview":"max-image-preview:large","max-video-preview":"max-video-preview:-1"},"canonical":"https:\/\/cmps-ksg.ch\/fr\/litterature\/","og_locale":"fr_FR","og_type":"article","og_title":"Litt\u00e9rature - CMPS \/ KSG","og_description":"Litt\u00e9rature Livres Sant\u00e9 en prison Priv\u00e9es de leur libert\u00e9, les personnes d\u00e9tenues sont d\u00e9pendantes de celles et ceux qui les surveillent, notamment pour leur sant\u00e9. Or, la population carc\u00e9rale est particuli\u00e8rement concern\u00e9e par les actes auto-dommageables, la violence et les blessures ainsi que par l\u2019addiction, les troubles psychiatriques ou les maladies infectieuses. La sauvegarde de [&hellip;]","og_url":"https:\/\/cmps-ksg.ch\/fr\/litterature\/","og_site_name":"CMPS \/ KSG","article_modified_time":"2025-03-04T15:59:33+00:00","og_image":[{"url":"https:\/\/cmps-ksg.ch\/wp-content\/uploads\/2022\/12\/Buch_Sante_en_prison.jpg","type":"","width":"","height":""}],"twitter_card":"summary_large_image","twitter_misc":{"Dur\u00e9e de lecture estim\u00e9e":"4 minutes"},"schema":{"@context":"https:\/\/schema.org","@graph":[{"@type":"WebPage","@id":"https:\/\/cmps-ksg.ch\/fr\/litterature\/","url":"https:\/\/cmps-ksg.ch\/fr\/litterature\/","name":"Litt\u00e9rature - CMPS \/ KSG","isPartOf":{"@id":"https:\/\/cmps-ksg.ch\/#website"},"primaryImageOfPage":{"@id":"https:\/\/cmps-ksg.ch\/fr\/litterature\/#primaryimage"},"image":{"@id":"https:\/\/cmps-ksg.ch\/fr\/litterature\/#primaryimage"},"thumbnailUrl":"https:\/\/cmps-ksg.ch\/wp-content\/uploads\/2022\/12\/Buch_Sante_en_prison.jpg","datePublished":"2022-12-07T15:38:42+00:00","dateModified":"2025-03-04T15:59:33+00:00","breadcrumb":{"@id":"https:\/\/cmps-ksg.ch\/fr\/litterature\/#breadcrumb"},"inLanguage":"fr-FR","potentialAction":[{"@type":"ReadAction","target":["https:\/\/cmps-ksg.ch\/fr\/litterature\/"]}]},{"@type":"ImageObject","inLanguage":"fr-FR","@id":"https:\/\/cmps-ksg.ch\/fr\/litterature\/#primaryimage","url":"https:\/\/cmps-ksg.ch\/wp-content\/uploads\/2022\/12\/Buch_Sante_en_prison.jpg","contentUrl":"https:\/\/cmps-ksg.ch\/wp-content\/uploads\/2022\/12\/Buch_Sante_en_prison.jpg"},{"@type":"BreadcrumbList","@id":"https:\/\/cmps-ksg.ch\/fr\/litterature\/#breadcrumb","itemListElement":[{"@type":"ListItem","position":1,"name":"Home","item":"https:\/\/cmps-ksg.ch\/fr\/"},{"@type":"ListItem","position":2,"name":"Litt\u00e9rature"}]},{"@type":"WebSite","@id":"https:\/\/cmps-ksg.ch\/#website","url":"https:\/\/cmps-ksg.ch\/","name":"CMPS \/ KSG","description":"","publisher":{"@id":"https:\/\/cmps-ksg.ch\/#organization"},"potentialAction":[{"@type":"SearchAction","target":{"@type":"EntryPoint","urlTemplate":"https:\/\/cmps-ksg.ch\/?s={search_term_string}"},"query-input":{"@type":"PropertyValueSpecification","valueRequired":true,"valueName":"search_term_string"}}],"inLanguage":"fr-FR"},{"@type":"Organization","@id":"https:\/\/cmps-ksg.ch\/#organization","name":"CMPS \/ KSG","url":"https:\/\/cmps-ksg.ch\/","logo":{"@type":"ImageObject","inLanguage":"fr-FR","@id":"https:\/\/cmps-ksg.ch\/#\/schema\/logo\/image\/","url":"https:\/\/cmps-ksg.ch\/wp-content\/uploads\/2023\/05\/logo_cmps-ksg.svg","contentUrl":"https:\/\/cmps-ksg.ch\/wp-content\/uploads\/2023\/05\/logo_cmps-ksg.svg","caption":"CMPS \/ KSG"},"image":{"@id":"https:\/\/cmps-ksg.ch\/#\/schema\/logo\/image\/"}}]}},"uagb_featured_image_src":{"full":false,"thumbnail":false,"medium":false,"medium_large":false,"large":false,"1536x1536":false,"2048x2048":false},"uagb_author_info":{"display_name":"Michael Krautwasser","author_link":"https:\/\/cmps-ksg.ch\/fr\/author\/eotks38glkajl28ghks4glwaa\/"},"uagb_comment_info":0,"uagb_excerpt":"Litt\u00e9rature Livres Sant\u00e9 en prison Priv\u00e9es de leur libert\u00e9, les personnes d\u00e9tenues sont d\u00e9pendantes de celles et ceux qui les surveillent, notamment pour leur sant\u00e9. Or, la population carc\u00e9rale est particuli\u00e8rement concern\u00e9e par les actes auto-dommageables, la violence et les blessures ainsi que par l\u2019addiction, les troubles psychiatriques ou les maladies infectieuses. La sauvegarde de\u2026","_links":{"self":[{"href":"https:\/\/cmps-ksg.ch\/fr\/wp-json\/wp\/v2\/pages\/1819","targetHints":{"allow":["GET"]}}],"collection":[{"href":"https:\/\/cmps-ksg.ch\/fr\/wp-json\/wp\/v2\/pages"}],"about":[{"href":"https:\/\/cmps-ksg.ch\/fr\/wp-json\/wp\/v2\/types\/page"}],"author":[{"embeddable":true,"href":"https:\/\/cmps-ksg.ch\/fr\/wp-json\/wp\/v2\/users\/2"}],"replies":[{"embeddable":true,"href":"https:\/\/cmps-ksg.ch\/fr\/wp-json\/wp\/v2\/comments?post=1819"}],"version-history":[{"count":16,"href":"https:\/\/cmps-ksg.ch\/fr\/wp-json\/wp\/v2\/pages\/1819\/revisions"}],"predecessor-version":[{"id":2732,"href":"https:\/\/cmps-ksg.ch\/fr\/wp-json\/wp\/v2\/pages\/1819\/revisions\/2732"}],"wp:attachment":[{"href":"https:\/\/cmps-ksg.ch\/fr\/wp-json\/wp\/v2\/media?parent=1819"}],"curies":[{"name":"wp","href":"https:\/\/api.w.org\/{rel}","templated":true}]}}