{"id":1822,"date":"2022-12-07T15:42:58","date_gmt":"2022-12-07T15:42:58","guid":{"rendered":"https:\/\/cmps-ksg.ch\/news\/"},"modified":"2023-07-05T07:14:32","modified_gmt":"2023-07-05T07:14:32","slug":"nouvelles","status":"publish","type":"page","link":"https:\/\/cmps-ksg.ch\/fr\/nouvelles\/","title":{"rendered":"Nouvelles"},"content":{"rendered":"\n<div class=\"wp-block-cover alignfull is-light has-parallax\" style=\"min-height:50vh;aspect-ratio:unset;\"><span aria-hidden=\"true\" class=\"wp-block-cover__background has-background-dim-0 has-background-dim\"><\/span><div role=\"img\" class=\"wp-block-cover__image-background wp-image-1316 has-parallax\" style=\"background-position:50% 50%;background-image:url(https:\/\/cmps-ksg.ch\/wp-content\/uploads\/2022\/12\/tim-mossholder-H6eaxcGNQbU-unsplash_2.jpg)\"><\/div><div class=\"wp-block-cover__inner-container is-layout-flow wp-block-cover-is-layout-flow\">\n<p class=\"has-text-align-center has-large-font-size\"><\/p>\n<\/div><\/div>\n\n\n\n<h1 class=\"wp-block-heading\">Nouvelles<\/h1>\n\n\n<style>#kt-layout-id_83fd3b-08 > .kt-row-column-wrap{align-content:start;}:where(#kt-layout-id_83fd3b-08 > .kt-row-column-wrap) > .wp-block-kadence-column{justify-content:start;}#kt-layout-id_83fd3b-08 > .kt-row-column-wrap{column-gap:var(--global-kb-gap-md, 2rem);row-gap:var(--global-kb-gap-md, 2rem);padding-top:var( --global-kb-row-default-top, 25px );padding-bottom:var( --global-kb-row-default-bottom, 25px );padding-top:var(--global-kb-spacing-sm, 1.5rem);padding-bottom:var(--global-kb-spacing-sm, 1.5rem);grid-template-columns:minmax(0, 1fr);}#kt-layout-id_83fd3b-08 > .kt-row-layout-overlay{opacity:0.30;}@media all and (max-width: 1024px){#kt-layout-id_83fd3b-08 > .kt-row-column-wrap{grid-template-columns:minmax(0, 1fr);}}@media all and (max-width: 767px){#kt-layout-id_83fd3b-08 > .kt-row-column-wrap{grid-template-columns:minmax(0, 1fr);}}<\/style>\n<div class=\"wp-block-kadence-rowlayout alignnone\"><div id=\"kt-layout-id_83fd3b-08\" class=\"kt-row-layout-inner kt-layout-id_83fd3b-08\"><div class=\"kt-row-column-wrap kt-has-1-columns kt-gutter-default kt-v-gutter-default kt-row-valign-top kt-row-layout-equal kt-tab-layout-inherit kt-m-colapse-left-to-right kt-mobile-layout-row\"><style>.kadence-column_16b035-66 > .kt-inside-inner-col{border-top-width:0px;border-right-width:0px;border-bottom-width:0px;border-left-width:0px;}.kadence-column_16b035-66 > .kt-inside-inner-col,.kadence-column_16b035-66 > .kt-inside-inner-col:before{border-top-left-radius:0px;border-top-right-radius:0px;border-bottom-right-radius:0px;border-bottom-left-radius:0px;}.kadence-column_16b035-66 > .kt-inside-inner-col{column-gap:var(--global-kb-gap-sm, 1rem);}.kadence-column_16b035-66 > .kt-inside-inner-col{flex-direction:column;}.kadence-column_16b035-66 > .kt-inside-inner-col > .aligncenter{width:100%;}.kadence-column_16b035-66 > .kt-inside-inner-col:before{opacity:0.3;}.kadence-column_16b035-66{position:relative;}@media all and (max-width: 1024px){.kadence-column_16b035-66 > .kt-inside-inner-col{flex-direction:column;justify-content:center;}}@media all and (max-width: 767px){.kadence-column_16b035-66 > .kt-inside-inner-col{flex-direction:column;justify-content:center;}}<\/style>\n<div class=\"wp-block-kadence-column inner-column-1 kadence-column_16b035-66\"><div class=\"kt-inside-inner-col\"><style>.kb-posts-id-_788100-c8 .kb-post-list-item{display:grid;}<\/style><ul class=\"wp-block-kadence-posts kb-posts kadence-posts-list kb-posts-id-_788100-c8 content-wrap grid-cols kb-posts-style-boxed grid-sm-col-1 grid-lg-col-1 item-image-style-beside\"><li class=\"kb-post-list-item\">\n\t<article class=\"entry content-bg loop-entry post-2953 post type-post status-publish format-standard hentry category-nouvelles category-nouvelles-page-daccueil\">\n\t\t\t\t<div class=\"entry-content-wrap\">\n\t\t\t<header class=\"entry-header\">\n\t<h2 class=\"entry-title\"><a href=\"https:\/\/cmps-ksg.ch\/fr\/nouvelle-membre-de-la-commission-nationale-de-prevention-de-la-torture\/\" rel=\"bookmark\">Nouvelle membre de la Commission nationale de pr\u00e9vention de la torture<\/a><\/h2>\t<div class=\"entry-meta entry-meta-divider-dot\">\n\t\t<\/div><!-- .entry-meta -->\n\t<\/header><!-- .entry-header -->\n\t<div class=\"entry-summary\">\n\t\t<p>Lors de sa s\u00e9ance du 28 janvier 2026, le Conseil f\u00e9d\u00e9ral a nomm\u00e9 Dre Simone H\u00e4nggi membre de la Commission nationale de pr\u00e9vention de la torture (CNPT). Communiqu\u00e9 de presse du Conseil f\u00e9d\u00e9ral<\/p>\n\t<\/div><!-- .entry-summary -->\n\t<footer class=\"entry-footer\">\n\t<\/footer><!-- .entry-footer -->\t\t<\/div>\n\t<\/article>\n<\/li>\n<li class=\"kb-post-list-item\">\n\t<article class=\"entry content-bg loop-entry post-2872 post type-post status-publish format-standard hentry category-nouvelles category-nouvelles-page-daccueil\">\n\t\t\t\t<div class=\"entry-content-wrap\">\n\t\t\t<header class=\"entry-header\">\n\t<h2 class=\"entry-title\"><a href=\"https:\/\/cmps-ksg.ch\/fr\/actualites-importantes-formulaire-unique-pour-la-transmission-de-donnees-lors-de-renvois-forces\/\" rel=\"bookmark\">Actualit\u00e9s importantes : Formulaire unique pour la transmission de donn\u00e9es lors de renvois forc\u00e9s<\/a><\/h2>\t<div class=\"entry-meta entry-meta-divider-dot\">\n\t\t<\/div><!-- .entry-meta -->\n\t<\/header><!-- .entry-header -->\n\t<div class=\"entry-summary\">\n\t\t<p>Un article intitul\u00e9 \u00abCommunication m\u00e9dicale lors de l\u2019ex\u00e9cution d\u2019un renvoi \u00bb a \u00e9t\u00e9 publi\u00e9 le 12.11.2025 dans le Bulletin des m\u00e9decins suisses. Vous trouverez le lien vers cet article ici: https:\/\/www.fmh.ch\/fr\/politique-medias\/bulletin-des-medecins-suisses\/edition-29\/edition-29-transmission-donnee.cfm Lors de la pr\u00e9paration de renvois forc\u00e9s, les m\u00e9decins ont le devoir l\u00e9gal de fournir les donn\u00e9es de sant\u00e9 pertinentes pour d\u00e9terminer l\u2019aptitude au [&hellip;]<\/p>\n\t<\/div><!-- .entry-summary -->\n\t<footer class=\"entry-footer\">\n\t<\/footer><!-- .entry-footer -->\t\t<\/div>\n\t<\/article>\n<\/li>\n<li class=\"kb-post-list-item\">\n\t<article class=\"entry content-bg loop-entry post-2535 post type-post status-publish format-standard hentry category-nouvelles category-nouvelles-page-daccueil\">\n\t\t\t\t<div class=\"entry-content-wrap\">\n\t\t\t<header class=\"entry-header\">\n\t<h2 class=\"entry-title\"><a href=\"https:\/\/cmps-ksg.ch\/fr\/neues-formular-fur-arzteschaft-im-wegweisungsvollzug\/\" rel=\"bookmark\">Nouveau formulaire pour l&rsquo;ex\u00e9cution des renvois<\/a><\/h2>\t<div class=\"entry-meta entry-meta-divider-dot\">\n\t\t<\/div><!-- .entry-meta -->\n\t<\/header><!-- .entry-header -->\n\t<div class=\"entry-summary\">\n\t\t<p>Transmission des donn\u00e9es Les bases l\u00e9gales relatives \u00e0 la transmission de donn\u00e9es m\u00e9dicales dansle cadre de l\u2019ex\u00e9cution des renvois ont \u00e9t\u00e9 adapt\u00e9es l\u2019ann\u00e9e derni\u00e8re. Depuis mai 2022, la responsabilit\u00e9de la d\u00e9cision de l\u2019aptitude au transport incombe \u00e0 l\u2019organisation mandat\u00e9e par le Secr\u00e9tariat d\u2019\u00c9tat auxmigrations (SEM), actuellement OSEARA, et non aux m\u00e9decins (p\u00e9nitentiaires) traitants. saez_2023_22045 Informations [&hellip;]<\/p>\n\t<\/div><!-- .entry-summary -->\n\t<footer class=\"entry-footer\">\n\t<\/footer><!-- .entry-footer -->\t\t<\/div>\n\t<\/article>\n<\/li>\n<\/ul><\/div><\/div>\n<\/div><\/div><\/div>\n\n\n\n<div style=\"height:100px\" aria-hidden=\"true\" class=\"wp-block-spacer\"><\/div>\n\n\n<style>#kt-layout-id_054c5b-b5 > .kt-row-column-wrap{align-content:start;}:where(#kt-layout-id_054c5b-b5 > .kt-row-column-wrap) > .wp-block-kadence-column{justify-content:start;}#kt-layout-id_054c5b-b5 > .kt-row-column-wrap{column-gap:var(--global-kb-gap-md, 2rem);row-gap:var(--global-kb-gap-md, 2rem);padding-top:var( --global-kb-row-default-top, 25px );padding-bottom:var( --global-kb-row-default-bottom, 25px );padding-top:var(--global-kb-spacing-sm, 1.5rem);padding-bottom:var(--global-kb-spacing-sm, 1.5rem);grid-template-columns:minmax(0, 1fr);}#kt-layout-id_054c5b-b5 > .kt-row-layout-overlay{opacity:0.30;}@media all and (max-width: 1024px){#kt-layout-id_054c5b-b5 > .kt-row-column-wrap{grid-template-columns:minmax(0, 1fr);}}@media all and (max-width: 767px){#kt-layout-id_054c5b-b5 > .kt-row-column-wrap{grid-template-columns:minmax(0, 1fr);}}<\/style>\n<div class=\"wp-block-kadence-rowlayout alignnone\"><div id=\"kt-layout-id_054c5b-b5\" class=\"kt-row-layout-inner kt-layout-id_054c5b-b5\"><div class=\"kt-row-column-wrap kt-has-1-columns kt-gutter-default kt-v-gutter-default kt-row-valign-top kt-row-layout-equal kt-tab-layout-inherit kt-m-colapse-left-to-right kt-mobile-layout-row\"><style>.kadence-column_3fda6b-ab > .kt-inside-inner-col{border-top-width:0px;border-right-width:0px;border-bottom-width:0px;border-left-width:0px;}.kadence-column_3fda6b-ab > .kt-inside-inner-col,.kadence-column_3fda6b-ab > .kt-inside-inner-col:before{border-top-left-radius:0px;border-top-right-radius:0px;border-bottom-right-radius:0px;border-bottom-left-radius:0px;}.kadence-column_3fda6b-ab > .kt-inside-inner-col{column-gap:var(--global-kb-gap-sm, 1rem);}.kadence-column_3fda6b-ab > .kt-inside-inner-col{flex-direction:column;}.kadence-column_3fda6b-ab > .kt-inside-inner-col > .aligncenter{width:100%;}.kadence-column_3fda6b-ab > .kt-inside-inner-col:before{opacity:0.3;}.kadence-column_3fda6b-ab{position:relative;}@media all and (max-width: 1024px){.kadence-column_3fda6b-ab > .kt-inside-inner-col{flex-direction:column;justify-content:center;}}@media all and (max-width: 767px){.kadence-column_3fda6b-ab > .kt-inside-inner-col{flex-direction:column;justify-content:center;}}<\/style>\n<div class=\"wp-block-kadence-column inner-column-2 kadence-column_3fda6b-ab cta-box hell\"><div class=\"kt-inside-inner-col\">\n<h2 class=\"wp-block-heading\">Prof. Hans Wolff nomm\u00e9 1<sup>er<\/sup> vice-pr\u00e9sident du \u00ab\u00a0Comit\u00e9 europ\u00e9en pour la pr\u00e9vention de la torture et des peines ou traitements inhumains ou d\u00e9gradants\u00a0\u00bb, un organe du Conseil de l\u2019Europe (COE)<\/h2>\n\n\n\n<h4 class=\"wp-block-heading\">Le \u00ab&nbsp;Comit\u00e9 europ\u00e9en pour la pr\u00e9vention de la torture et des peines ou traitements inhumains ou d\u00e9gradants&nbsp;\u00bb (CPT) a \u00e9lu le Prof. Hans Wolff \u00e0 la fonction de 1<sup>er<\/sup> vice-pr\u00e9sident en mars 2021.<\/h4>\n\n\n\n<p>A ce titre, Prof. H. Wolff repr\u00e9sente la Suisse au Conseil de l\u2019Europe et fera partie du nouveau bureau pour un mandat de deux ans.<\/p>\n\n\n\n<p>Prof. Wolff, pr\u00e9sident de la CMPS &nbsp;et m\u00e9decin-chef du Service de m\u00e9decine p\u00e9nitentiaire aux H\u00f4pitaux Universitaires de Gen\u00e8ve (HUG), se r\u00e9jouit de cette fonction : \u00ab C\u2019est un beau d\u00e9fi qui me permettra \u00e0 m\u2019impliquer davantage dans le d\u00e9veloppement strat\u00e9gique de cette institution qui n\u2019a pas d\u2019\u00e9gal au monde en termes de moyens d\u2019action et d\u2019impact. Je saisirai cette opportunit\u00e9 pour encourager une m\u00e9decine p\u00e9nitentiaire moderne en Europe et ainsi promouvoir les valeurs d\u00e9fendues en Suisse. \u00bb<\/p>\n\n\n\n<p>Le CPT est un organe du COE qui vise \u00e0 pr\u00e9venir les cas de torture et autres traitements inhumains ou d\u00e9gradants sur le territoire des 47 \u00c9tats signataires de la Convention europ\u00e9enne pour la pr\u00e9vention de la torture et des peines ou traitements inhumains ou d\u00e9gradants.<\/p>\n\n\n\n<p>Les membres du CPT ont acc\u00e8s sans restriction \u00e0 tous les lieux de privation de libert\u00e9 afin d\u2019\u00e9valuer la mani\u00e8re dont les personnes d\u00e9tenues sont trait\u00e9es et dont leurs droits sont respect\u00e9s. Ces lieux incluent les prisons, les centres de d\u00e9tention pour mineurs, les postes de police, les centres de r\u00e9tention pour \u00e9trangers en attente d\u2019expulsion, les h\u00f4pitaux psychiatriques et les foyers sociaux.<\/p>\n\n\n\n<p>Apr\u00e8s chaque visite, le CPT adresse un rapport d\u00e9taill\u00e9 \u00e0 l\u2019Etat concern\u00e9. Le rapport du CPT et la r\u00e9ponse de l\u2019Etat en question seront ensuite publi\u00e9s sur le site du CPT et constituent ainsi le point de d\u00e9part d\u2019un dialogue permanent avec les Etats membres.<\/p>\n\n\n\n<p><a href=\"https:\/\/www.coe.int\/fr\/web\/cpt\/home\" target=\"_blank\" rel=\"noreferrer noopener\">https:\/\/www.coe.int\/fr\/web\/cpt\/home<\/a><\/p>\n<\/div><\/div>\n<\/div><\/div><\/div>\n\n\n\n<div style=\"height:100px\" aria-hidden=\"true\" class=\"wp-block-spacer\"><\/div>\n\n\n<style>#kt-layout-id_16e45d-8d > .kt-row-column-wrap{align-content:start;}:where(#kt-layout-id_16e45d-8d > .kt-row-column-wrap) > .wp-block-kadence-column{justify-content:start;}#kt-layout-id_16e45d-8d > .kt-row-column-wrap{column-gap:var(--global-kb-gap-md, 2rem);row-gap:var(--global-kb-gap-md, 2rem);padding-top:var( --global-kb-row-default-top, 25px );padding-bottom:var( --global-kb-row-default-bottom, 25px );padding-top:var(--global-kb-spacing-sm, 1.5rem);padding-bottom:var(--global-kb-spacing-sm, 1.5rem);grid-template-columns:minmax(0, 1fr);}#kt-layout-id_16e45d-8d > .kt-row-layout-overlay{opacity:0.30;}@media all and (max-width: 1024px){#kt-layout-id_16e45d-8d > .kt-row-column-wrap{grid-template-columns:minmax(0, 1fr);}}@media all and (max-width: 767px){#kt-layout-id_16e45d-8d > .kt-row-column-wrap{grid-template-columns:minmax(0, 1fr);}}<\/style>\n<div class=\"wp-block-kadence-rowlayout alignnone\"><div id=\"kt-layout-id_16e45d-8d\" class=\"kt-row-layout-inner kt-layout-id_16e45d-8d\"><div class=\"kt-row-column-wrap kt-has-1-columns kt-gutter-default kt-v-gutter-default kt-row-valign-top kt-row-layout-equal kt-tab-layout-inherit kt-m-colapse-left-to-right kt-mobile-layout-row\"><style>.kadence-column_8f68e2-8c > .kt-inside-inner-col{border-top-width:0px;border-right-width:0px;border-bottom-width:0px;border-left-width:0px;}.kadence-column_8f68e2-8c > .kt-inside-inner-col,.kadence-column_8f68e2-8c > .kt-inside-inner-col:before{border-top-left-radius:0px;border-top-right-radius:0px;border-bottom-right-radius:0px;border-bottom-left-radius:0px;}.kadence-column_8f68e2-8c > .kt-inside-inner-col{column-gap:var(--global-kb-gap-sm, 1rem);}.kadence-column_8f68e2-8c > .kt-inside-inner-col{flex-direction:column;}.kadence-column_8f68e2-8c > .kt-inside-inner-col > .aligncenter{width:100%;}.kadence-column_8f68e2-8c > .kt-inside-inner-col:before{opacity:0.3;}.kadence-column_8f68e2-8c{position:relative;}@media all and (max-width: 1024px){.kadence-column_8f68e2-8c > .kt-inside-inner-col{flex-direction:column;justify-content:center;}}@media all and (max-width: 767px){.kadence-column_8f68e2-8c > .kt-inside-inner-col{flex-direction:column;justify-content:center;}}<\/style>\n<div class=\"wp-block-kadence-column inner-column-1 kadence-column_8f68e2-8c\"><div class=\"kt-inside-inner-col\">\n<h2 class=\"wp-block-heading\">Plus de nouvelles<\/h2>\n\n\n<style>.kt-tabs-id_afdb62-d0 > .kt-tabs-content-wrap > .wp-block-kadence-tab{border-top-width:1px;border-right-width:0px;border-bottom-width:0px;border-left-width:0px;border-color:#eeeeee;border-top-left-radius:0px;border-top-right-radius:0px;border-bottom-right-radius:0px;border-bottom-left-radius:0px;padding-top:var(--global-kb-spacing-sm, 1.5rem);padding-right:var(--global-kb-spacing-sm, 1.5rem);padding-bottom:var(--global-kb-spacing-sm, 1.5rem);padding-left:var(--global-kb-spacing-sm, 1.5rem);background:#ffffff;}.wp-block-kadence-tabs .kt-tabs-id_afdb62-d0 > .kt-tabs-title-list li{margin-top:0px;margin-right:8px;margin-bottom:0px;margin-left:0px;}.wp-block-kadence-tabs .kt-tabs-id_afdb62-d0 > .kt-tabs-title-list li:last-child{margin-right:0px;}.wp-block-kadence-tabs .kt-tabs-id_afdb62-d0 > .kt-tabs-title-list li .kt-tab-title, .wp-block-kadence-tabs .kt-tabs-id_afdb62-d0 > .kt-tabs-content-wrap > .kt-tabs-accordion-title .kt-tab-title{line-height:1.4em;font-weight:regular;font-style:normal;border-top-width:0px;border-right-width:0px;border-bottom-width:4px;border-left-width:0px;border-top-left-radius:4px;border-top-right-radius:4px;border-bottom-right-radius:0px;border-bottom-left-radius:0px;padding-top:8px;padding-right:20px;padding-bottom:8px;padding-left:20px;border-color:#ffffff;color:#555555;background:#ffffff;}.wp-block-kadence-tabs .kt-tabs-id_afdb62-d0 > .kt-tabs-content-wrap > .kt-tabs-accordion-title .kt-tab-title{margin-top:0px;margin-right:8px;margin-bottom:0px;margin-left:0px;}.wp-block-kadence-tabs .kt-tabs-id_afdb62-d0 > .kt-tabs-title-list li .kt-tab-title:hover, .wp-block-kadence-tabs .kt-tabs-id_afdb62-d0 > .kt-tabs-content-wrap > .kt-tabs-accordion-title .kt-tab-title:hover{border-color:#eeeeee;color:#555555;background:#ffffff;}.wp-block-kadence-tabs .kt-tabs-id_afdb62-d0 > .kt-tabs-title-list li.kt-tab-title-active .kt-tab-title, .wp-block-kadence-tabs .kt-tabs-id_afdb62-d0 > .kt-tabs-content-wrap > .kt-tabs-accordion-title.kt-tab-title-active .kt-tab-title{border-color:#0a6689;color:#0a6689;background:#ffffff;}.kt-tabs-id_afdb62-d0 > .kt-tabs-title-list li .kt-title-sub-text, .kt-tabs-id_afdb62-d0 > .kt-tabs-content-wrap > .kt-tabs-accordion-title .kt-title-sub-text{padding:0px 0px 0px 0px;margin:0px 0px 0px 0px;}<\/style>\n<div class=\"wp-block-kadence-tabs alignnone\"><div class=\"kt-tabs-wrap kt-tabs-id_afdb62-d0 kt-tabs-has-3-tabs kt-active-tab-1 kt-tabs-layout-tabs kt-tabs-tablet-layout-inherit kt-tabs-mobile-layout-inherit kt-tab-alignment-left \" style=\"max-width:none\"><ul class=\"kt-tabs-title-list\"><li id=\"tab-coronacovid19\" class=\"kt-title-item kt-title-item-1 kt-tabs-svg-show-always kt-tabs-icon-side-right kt-tab-title-active kb-tabs-have-subtitle\"><a href=\"#tab-coronacovid19\" data-tab=\"1\" class=\"kt-tab-title kt-tab-title-1 \"><span class=\"kt-title-text\">Corona \u2013 COVID 19<\/span><\/a><\/li><li id=\"tab-journauxradiotlvision\" class=\"kt-title-item kt-title-item-2 kt-tabs-svg-show-always kt-tabs-icon-side-right kt-tab-title-inactive kb-tabs-have-subtitle\"><a href=\"#tab-journauxradiotlvision\" data-tab=\"2\" class=\"kt-tab-title kt-tab-title-2 \"><span class=\"kt-title-text\">Journaux, radio, t\u00e9l\u00e9vision<\/span><\/a><\/li><li id=\"tab-politique\" class=\"kt-title-item kt-title-item-3 kt-tabs-svg-show-always kt-tabs-icon-side-right kt-tab-title-inactive kb-tabs-have-subtitle\"><a href=\"#tab-politique\" data-tab=\"3\" class=\"kt-tab-title kt-tab-title-3 \"><span class=\"kt-title-text\">Politique<\/span><\/a><\/li><\/ul><div class=\"kt-tabs-content-wrap\">\n<div class=\"wp-block-kadence-tab kt-tab-inner-content kt-inner-tab-1 kt-inner-tab_f788a3-72\"><div class=\"kt-tab-inner-content-inner\"><style>.kb-posts-id-_30d78e-11 .kb-post-list-item{display:grid;}<\/style><p>Aucun article disponible<\/p><\/div><\/div>\n\n\n\n<div class=\"wp-block-kadence-tab kt-tab-inner-content kt-inner-tab-2 kt-inner-tab_89853b-93\"><div class=\"kt-tab-inner-content-inner\"><style>.kb-posts-id-_b8870d-49 .kb-post-list-item{display:grid;}<\/style><p>Aucun article disponible<\/p><\/div><\/div>\n\n\n\n<div class=\"wp-block-kadence-tab kt-tab-inner-content kt-inner-tab-3 kt-inner-tab_52084a-dc\"><div class=\"kt-tab-inner-content-inner\"><style>.kb-posts-id-_a10518-55 .kb-post-list-item{display:grid;}<\/style><p>Aucun article disponible<\/p><\/div><\/div>\n<\/div><\/div><\/div>\n<\/div><\/div>\n<\/div><\/div><\/div>\n","protected":false},"excerpt":{"rendered":"<p>Nouvelles Prof. Hans Wolff nomm\u00e9 1er vice-pr\u00e9sident du \u00ab\u00a0Comit\u00e9 europ\u00e9en pour la pr\u00e9vention de la torture et des peines ou traitements inhumains ou d\u00e9gradants\u00a0\u00bb, un organe du Conseil de l\u2019Europe (COE) Le \u00ab&nbsp;Comit\u00e9 europ\u00e9en pour la pr\u00e9vention de la torture et des peines ou traitements inhumains ou d\u00e9gradants&nbsp;\u00bb (CPT) a \u00e9lu le Prof. Hans Wolff [&hellip;]<\/p>\n","protected":false},"author":2,"featured_media":0,"parent":0,"menu_order":0,"comment_status":"closed","ping_status":"closed","template":"","meta":{"inline_featured_image":false,"_uag_custom_page_level_css":"","site-sidebar-layout":"default","site-content-layout":"","ast-site-content-layout":"default","site-content-style":"default","site-sidebar-style":"default","ast-global-header-display":"","ast-banner-title-visibility":"","ast-main-header-display":"","ast-hfb-above-header-display":"","ast-hfb-below-header-display":"","ast-hfb-mobile-header-display":"","site-post-title":"disabled","ast-breadcrumbs-content":"","ast-featured-img":"","footer-sml-layout":"","ast-disable-related-posts":"","theme-transparent-header-meta":"","adv-header-id-meta":"","stick-header-meta":"","header-above-stick-meta":"","header-main-stick-meta":"","header-below-stick-meta":"","astra-migrate-meta-layouts":"default","ast-page-background-enabled":"default","ast-page-background-meta":{"desktop":{"background-color":"var(--ast-global-color-4)","background-image":"","background-repeat":"repeat","background-position":"center center","background-size":"auto","background-attachment":"scroll","background-type":"","background-media":"","overlay-type":"","overlay-color":"","overlay-opacity":"","overlay-gradient":""},"tablet":{"background-color":"","background-image":"","background-repeat":"repeat","background-position":"center center","background-size":"auto","background-attachment":"scroll","background-type":"","background-media":"","overlay-type":"","overlay-color":"","overlay-opacity":"","overlay-gradient":""},"mobile":{"background-color":"","background-image":"","background-repeat":"repeat","background-position":"center center","background-size":"auto","background-attachment":"scroll","background-type":"","background-media":"","overlay-type":"","overlay-color":"","overlay-opacity":"","overlay-gradient":""}},"ast-content-background-meta":{"desktop":{"background-color":"var(--ast-global-color-5)","background-image":"","background-repeat":"repeat","background-position":"center center","background-size":"auto","background-attachment":"scroll","background-type":"","background-media":"","overlay-type":"","overlay-color":"","overlay-opacity":"","overlay-gradient":""},"tablet":{"background-color":"var(--ast-global-color-5)","background-image":"","background-repeat":"repeat","background-position":"center center","background-size":"auto","background-attachment":"scroll","background-type":"","background-media":"","overlay-type":"","overlay-color":"","overlay-opacity":"","overlay-gradient":""},"mobile":{"background-color":"var(--ast-global-color-5)","background-image":"","background-repeat":"repeat","background-position":"center center","background-size":"auto","background-attachment":"scroll","background-type":"","background-media":"","overlay-type":"","overlay-color":"","overlay-opacity":"","overlay-gradient":""}},"footnotes":""},"class_list":["post-1822","page","type-page","status-publish","hentry"],"yoast_head":"<!-- This site is optimized with the Yoast SEO plugin v27.5 - https:\/\/yoast.com\/product\/yoast-seo-wordpress\/ -->\n<title>Nouvelles - CMPS \/ KSG<\/title>\n<meta name=\"robots\" content=\"index, follow, max-snippet:-1, max-image-preview:large, max-video-preview:-1\" \/>\n<link rel=\"canonical\" href=\"https:\/\/cmps-ksg.ch\/fr\/nouvelles\/\" \/>\n<meta property=\"og:locale\" content=\"fr_FR\" \/>\n<meta property=\"og:type\" content=\"article\" \/>\n<meta property=\"og:title\" content=\"Nouvelles - CMPS \/ KSG\" \/>\n<meta property=\"og:description\" content=\"Nouvelles Prof. Hans Wolff nomm\u00e9 1er vice-pr\u00e9sident du \u00ab\u00a0Comit\u00e9 europ\u00e9en pour la pr\u00e9vention de la torture et des peines ou traitements inhumains ou d\u00e9gradants\u00a0\u00bb, un organe du Conseil de l\u2019Europe (COE) Le \u00ab&nbsp;Comit\u00e9 europ\u00e9en pour la pr\u00e9vention de la torture et des peines ou traitements inhumains ou d\u00e9gradants&nbsp;\u00bb (CPT) a \u00e9lu le Prof. Hans Wolff [&hellip;]\" \/>\n<meta property=\"og:url\" content=\"https:\/\/cmps-ksg.ch\/fr\/nouvelles\/\" \/>\n<meta property=\"og:site_name\" content=\"CMPS \/ KSG\" \/>\n<meta property=\"article:modified_time\" content=\"2023-07-05T07:14:32+00:00\" \/>\n<meta name=\"twitter:card\" content=\"summary_large_image\" \/>\n<meta name=\"twitter:label1\" content=\"Dur\u00e9e de lecture estim\u00e9e\" \/>\n\t<meta name=\"twitter:data1\" content=\"2 minutes\" \/>\n<script type=\"application\/ld+json\" class=\"yoast-schema-graph\">{\"@context\":\"https:\\\/\\\/schema.org\",\"@graph\":[{\"@type\":\"WebPage\",\"@id\":\"https:\\\/\\\/cmps-ksg.ch\\\/fr\\\/nouvelles\\\/\",\"url\":\"https:\\\/\\\/cmps-ksg.ch\\\/fr\\\/nouvelles\\\/\",\"name\":\"Nouvelles - CMPS \\\/ KSG\",\"isPartOf\":{\"@id\":\"https:\\\/\\\/cmps-ksg.ch\\\/#website\"},\"datePublished\":\"2022-12-07T15:42:58+00:00\",\"dateModified\":\"2023-07-05T07:14:32+00:00\",\"breadcrumb\":{\"@id\":\"https:\\\/\\\/cmps-ksg.ch\\\/fr\\\/nouvelles\\\/#breadcrumb\"},\"inLanguage\":\"fr-FR\",\"potentialAction\":[{\"@type\":\"ReadAction\",\"target\":[\"https:\\\/\\\/cmps-ksg.ch\\\/fr\\\/nouvelles\\\/\"]}]},{\"@type\":\"BreadcrumbList\",\"@id\":\"https:\\\/\\\/cmps-ksg.ch\\\/fr\\\/nouvelles\\\/#breadcrumb\",\"itemListElement\":[{\"@type\":\"ListItem\",\"position\":1,\"name\":\"Home\",\"item\":\"https:\\\/\\\/cmps-ksg.ch\\\/fr\\\/\"},{\"@type\":\"ListItem\",\"position\":2,\"name\":\"Nouvelles\"}]},{\"@type\":\"WebSite\",\"@id\":\"https:\\\/\\\/cmps-ksg.ch\\\/#website\",\"url\":\"https:\\\/\\\/cmps-ksg.ch\\\/\",\"name\":\"CMPS \\\/ KSG\",\"description\":\"\",\"publisher\":{\"@id\":\"https:\\\/\\\/cmps-ksg.ch\\\/#organization\"},\"potentialAction\":[{\"@type\":\"SearchAction\",\"target\":{\"@type\":\"EntryPoint\",\"urlTemplate\":\"https:\\\/\\\/cmps-ksg.ch\\\/?s={search_term_string}\"},\"query-input\":{\"@type\":\"PropertyValueSpecification\",\"valueRequired\":true,\"valueName\":\"search_term_string\"}}],\"inLanguage\":\"fr-FR\"},{\"@type\":\"Organization\",\"@id\":\"https:\\\/\\\/cmps-ksg.ch\\\/#organization\",\"name\":\"CMPS \\\/ KSG\",\"url\":\"https:\\\/\\\/cmps-ksg.ch\\\/\",\"logo\":{\"@type\":\"ImageObject\",\"inLanguage\":\"fr-FR\",\"@id\":\"https:\\\/\\\/cmps-ksg.ch\\\/#\\\/schema\\\/logo\\\/image\\\/\",\"url\":\"https:\\\/\\\/cmps-ksg.ch\\\/wp-content\\\/uploads\\\/2023\\\/05\\\/logo_cmps-ksg.svg\",\"contentUrl\":\"https:\\\/\\\/cmps-ksg.ch\\\/wp-content\\\/uploads\\\/2023\\\/05\\\/logo_cmps-ksg.svg\",\"caption\":\"CMPS \\\/ KSG\"},\"image\":{\"@id\":\"https:\\\/\\\/cmps-ksg.ch\\\/#\\\/schema\\\/logo\\\/image\\\/\"}}]}<\/script>\n<!-- \/ Yoast SEO plugin. -->","yoast_head_json":{"title":"Nouvelles - CMPS \/ KSG","robots":{"index":"index","follow":"follow","max-snippet":"max-snippet:-1","max-image-preview":"max-image-preview:large","max-video-preview":"max-video-preview:-1"},"canonical":"https:\/\/cmps-ksg.ch\/fr\/nouvelles\/","og_locale":"fr_FR","og_type":"article","og_title":"Nouvelles - CMPS \/ KSG","og_description":"Nouvelles Prof. Hans Wolff nomm\u00e9 1er vice-pr\u00e9sident du \u00ab\u00a0Comit\u00e9 europ\u00e9en pour la pr\u00e9vention de la torture et des peines ou traitements inhumains ou d\u00e9gradants\u00a0\u00bb, un organe du Conseil de l\u2019Europe (COE) Le \u00ab&nbsp;Comit\u00e9 europ\u00e9en pour la pr\u00e9vention de la torture et des peines ou traitements inhumains ou d\u00e9gradants&nbsp;\u00bb (CPT) a \u00e9lu le Prof. Hans Wolff [&hellip;]","og_url":"https:\/\/cmps-ksg.ch\/fr\/nouvelles\/","og_site_name":"CMPS \/ KSG","article_modified_time":"2023-07-05T07:14:32+00:00","twitter_card":"summary_large_image","twitter_misc":{"Dur\u00e9e de lecture estim\u00e9e":"2 minutes"},"schema":{"@context":"https:\/\/schema.org","@graph":[{"@type":"WebPage","@id":"https:\/\/cmps-ksg.ch\/fr\/nouvelles\/","url":"https:\/\/cmps-ksg.ch\/fr\/nouvelles\/","name":"Nouvelles - CMPS \/ KSG","isPartOf":{"@id":"https:\/\/cmps-ksg.ch\/#website"},"datePublished":"2022-12-07T15:42:58+00:00","dateModified":"2023-07-05T07:14:32+00:00","breadcrumb":{"@id":"https:\/\/cmps-ksg.ch\/fr\/nouvelles\/#breadcrumb"},"inLanguage":"fr-FR","potentialAction":[{"@type":"ReadAction","target":["https:\/\/cmps-ksg.ch\/fr\/nouvelles\/"]}]},{"@type":"BreadcrumbList","@id":"https:\/\/cmps-ksg.ch\/fr\/nouvelles\/#breadcrumb","itemListElement":[{"@type":"ListItem","position":1,"name":"Home","item":"https:\/\/cmps-ksg.ch\/fr\/"},{"@type":"ListItem","position":2,"name":"Nouvelles"}]},{"@type":"WebSite","@id":"https:\/\/cmps-ksg.ch\/#website","url":"https:\/\/cmps-ksg.ch\/","name":"CMPS \/ KSG","description":"","publisher":{"@id":"https:\/\/cmps-ksg.ch\/#organization"},"potentialAction":[{"@type":"SearchAction","target":{"@type":"EntryPoint","urlTemplate":"https:\/\/cmps-ksg.ch\/?s={search_term_string}"},"query-input":{"@type":"PropertyValueSpecification","valueRequired":true,"valueName":"search_term_string"}}],"inLanguage":"fr-FR"},{"@type":"Organization","@id":"https:\/\/cmps-ksg.ch\/#organization","name":"CMPS \/ KSG","url":"https:\/\/cmps-ksg.ch\/","logo":{"@type":"ImageObject","inLanguage":"fr-FR","@id":"https:\/\/cmps-ksg.ch\/#\/schema\/logo\/image\/","url":"https:\/\/cmps-ksg.ch\/wp-content\/uploads\/2023\/05\/logo_cmps-ksg.svg","contentUrl":"https:\/\/cmps-ksg.ch\/wp-content\/uploads\/2023\/05\/logo_cmps-ksg.svg","caption":"CMPS \/ KSG"},"image":{"@id":"https:\/\/cmps-ksg.ch\/#\/schema\/logo\/image\/"}}]}},"uagb_featured_image_src":{"full":false,"thumbnail":false,"medium":false,"medium_large":false,"large":false,"1536x1536":false,"2048x2048":false},"uagb_author_info":{"display_name":"Michael Krautwasser","author_link":"https:\/\/cmps-ksg.ch\/fr\/author\/eotks38glkajl28ghks4glwaa\/"},"uagb_comment_info":0,"uagb_excerpt":"Nouvelles Prof. Hans Wolff nomm\u00e9 1er vice-pr\u00e9sident du \u00ab\u00a0Comit\u00e9 europ\u00e9en pour la pr\u00e9vention de la torture et des peines ou traitements inhumains ou d\u00e9gradants\u00a0\u00bb, un organe du Conseil de l\u2019Europe (COE) Le \u00ab&nbsp;Comit\u00e9 europ\u00e9en pour la pr\u00e9vention de la torture et des peines ou traitements inhumains ou d\u00e9gradants&nbsp;\u00bb (CPT) a \u00e9lu le Prof. Hans Wolff\u2026","_links":{"self":[{"href":"https:\/\/cmps-ksg.ch\/fr\/wp-json\/wp\/v2\/pages\/1822","targetHints":{"allow":["GET"]}}],"collection":[{"href":"https:\/\/cmps-ksg.ch\/fr\/wp-json\/wp\/v2\/pages"}],"about":[{"href":"https:\/\/cmps-ksg.ch\/fr\/wp-json\/wp\/v2\/types\/page"}],"author":[{"embeddable":true,"href":"https:\/\/cmps-ksg.ch\/fr\/wp-json\/wp\/v2\/users\/2"}],"replies":[{"embeddable":true,"href":"https:\/\/cmps-ksg.ch\/fr\/wp-json\/wp\/v2\/comments?post=1822"}],"version-history":[{"count":4,"href":"https:\/\/cmps-ksg.ch\/fr\/wp-json\/wp\/v2\/pages\/1822\/revisions"}],"predecessor-version":[{"id":2961,"href":"https:\/\/cmps-ksg.ch\/fr\/wp-json\/wp\/v2\/pages\/1822\/revisions\/2961"}],"wp:attachment":[{"href":"https:\/\/cmps-ksg.ch\/fr\/wp-json\/wp\/v2\/media?parent=1822"}],"curies":[{"name":"wp","href":"https:\/\/api.w.org\/{rel}","templated":true}]}}