{"id":2494,"date":"2025-02-12T16:50:42","date_gmt":"2025-02-12T16:50:42","guid":{"rendered":"https:\/\/cmps-ksg.ch\/?page_id=2494"},"modified":"2025-02-12T18:17:08","modified_gmt":"2025-02-12T18:17:08","slug":"reunions-annuelles","status":"publish","type":"page","link":"https:\/\/cmps-ksg.ch\/fr\/reunions-annuelles\/","title":{"rendered":"R\u00e9unions annuelles"},"content":{"rendered":"\n<h1 class=\"wp-block-heading\">R\u00e9unions annuelles<\/h1>\n\n\n<style>.kb-posts-id-2494_cba364-11 .kb-post-list-item{display:grid;}<\/style><ul class=\"wp-block-kadence-posts kb-posts kadence-posts-list kb-posts-id-2494_cba364-11 content-wrap grid-cols kb-posts-style-boxed grid-sm-col-1 grid-lg-col-1 item-image-style-beside\"><li class=\"kb-post-list-item\">\n\t<article class=\"entry content-bg loop-entry post-2866 post type-post status-publish format-standard hentry category-reunions-annuelles\">\n\t\t\t\t<div class=\"entry-content-wrap\">\n\t\t\t<header class=\"entry-header\">\n\t<h2 class=\"entry-title\"><a href=\"https:\/\/cmps-ksg.ch\/fr\/19-20-mars-2026-rencontre-annuelle-de-la-conference-des-medecins-penitentiaires-suisses-et-du-forum-du-personnel-soignant-des-etablissements-de-detention-en-suisse\/\" rel=\"bookmark\">19 \u2013 20 mars 2026 \/ Rencontre annuelle de la Conf\u00e9rence des m\u00e9decins p\u00e9nitentiaires suisses et du Forum du personnel soignant des \u00e9tablissements de d\u00e9tention en Suisse<\/a><\/h2>\t<div class=\"entry-meta entry-meta-divider-dot\">\n\t\t<\/div><!-- .entry-meta -->\n\t<\/header><!-- .entry-header -->\n\t<div class=\"entry-summary\">\n\t\t<p>Congr\u00e8s m\u00e9decine p\u00e9nitentiaire Troubles psychiques en milieu carc\u00e9ral Site internet de la conf\u00e9rence (avec possibilit\u00e9 d\u2019inscription) * Programme * Veuillez cliquer sur le symbole en bas \u00e0 droite pour changer la langue<\/p>\n\t<\/div><!-- .entry-summary -->\n\t<footer class=\"entry-footer\">\n\t<\/footer><!-- .entry-footer -->\t\t<\/div>\n\t<\/article>\n<\/li>\n<li class=\"kb-post-list-item\">\n\t<article class=\"entry content-bg loop-entry post-2348 post type-post status-publish format-standard hentry category-reunions-annuelles\">\n\t\t\t\t<div class=\"entry-content-wrap\">\n\t\t\t<header class=\"entry-header\">\n\t<h2 class=\"entry-title\"><a href=\"https:\/\/cmps-ksg.ch\/fr\/27-28-mars-2024-rencontre-annuelle-de-la-conference-des-medecins-penitentiaires-suisses-et-du-forum-du-personnel-soignant-des-etablissements-de-detention-en-suisse\/\" rel=\"bookmark\">27 &#8211; 28 mars 2025 \/ Rencontre annuelle de la Conf\u00e9rence des m\u00e9decins p\u00e9nitentiaires suisses et du Forum du personnel soignant des \u00e9tablissements de d\u00e9tention en Suisse<\/a><\/h2>\t<div class=\"entry-meta entry-meta-divider-dot\">\n\t\t<\/div><!-- .entry-meta -->\n\t<\/header><!-- .entry-header -->\n\t<div class=\"entry-summary\">\n\t\t<p>Congr\u00e8s m\u00e9decine p\u00e9nitentiaire Incarc\u00e9ration et migration : regards crois\u00e9s, d\u00e9fis et opportunit\u00e9s Programme<\/p>\n\t<\/div><!-- .entry-summary -->\n\t<footer class=\"entry-footer\">\n\t<\/footer><!-- .entry-footer -->\t\t<\/div>\n\t<\/article>\n<\/li>\n<li class=\"kb-post-list-item\">\n\t<article class=\"entry content-bg loop-entry post-2112 post type-post status-publish format-standard hentry category-reunions-annuelles\">\n\t\t\t\t<div class=\"entry-content-wrap\">\n\t\t\t<header class=\"entry-header\">\n\t<h2 class=\"entry-title\"><a href=\"https:\/\/cmps-ksg.ch\/fr\/18-19-avril-2024-rencontre-annuelle-de-la-conference-des-medecins-penitentiaires-suisses-et-du-forum-du-personnel-soignant-des-etablissements-de-detention-en-suisse\/\" rel=\"bookmark\">18 &#8211; 19 avril 2024 \/ Rencontre annuelle de la Conf\u00e9rence des m\u00e9decins p\u00e9nitentiaires suisses et du Forum du personnel soignant des \u00e9tablissements de d\u00e9tention en Suisse<\/a><\/h2>\t<div class=\"entry-meta entry-meta-divider-dot\">\n\t\t<\/div><!-- .entry-meta -->\n\t<\/header><!-- .entry-header -->\n\t<div class=\"entry-summary\">\n\t\t\t<\/div><!-- .entry-summary -->\n\t<footer class=\"entry-footer\">\n\t<\/footer><!-- .entry-footer -->\t\t<\/div>\n\t<\/article>\n<\/li>\n<li class=\"kb-post-list-item\">\n\t<article class=\"entry content-bg loop-entry post-2004 post type-post status-publish format-standard hentry category-reunions-annuelles\">\n\t\t\t\t<div class=\"entry-content-wrap\">\n\t\t\t<header class=\"entry-header\">\n\t<h2 class=\"entry-title\"><a href=\"https:\/\/cmps-ksg.ch\/fr\/compte-rendu\/\" rel=\"bookmark\">Compte-rendu 12e\u00a0Conf\u00e9rence europ\u00e9enne pour la promotion de la sant\u00e9 en prison<\/a><\/h2>\t<div class=\"entry-meta entry-meta-divider-dot\">\n\t\t<\/div><!-- .entry-meta -->\n\t<\/header><!-- .entry-header -->\n\t<div class=\"entry-summary\">\n\t\t<p>La 12e Conf\u00e9rence europ\u00e9enne pour la promotion de la sant\u00e9 en prison, qui s\u2019est d\u00e9roul\u00e9e les 25 et 26\u00a0mai \u00e0 Morat (Suisse), a \u00e9t\u00e9 un franc succ\u00e8s. Attirant plus de 210\u00a0participant\u00b7e\u00b7s, son th\u00e8me, \u00ab\u00a0Le principe d\u2019\u00e9quivalence dans les faits\u00a0\u00bb, a suscit\u00e9 un vif int\u00e9r\u00eat, ce qui est attribuable entre autres \u00e0 l\u2019\u00e9tendue du sujet\u00a0: celui-ci ne concerne pas seulement les soins m\u00e9dicaux imm\u00e9diats prodigu\u00e9s pour des troubles physiques et psychiques, mais soul\u00e8ve \u00e9galement une multitude de questions juridiques et influence les concepts de s\u00e9curit\u00e9 et m\u00e9thodes de construction des \u00e9tablissements de d\u00e9tention. La conf\u00e9rence a abord\u00e9 tous ces aspects et a \u00e9t\u00e9 l\u2019occasion de pr\u00e9senter des mod\u00e8les de r\u00e9ussite et de discuter de nouvelles pistes.<\/p>\n\t<\/div><!-- .entry-summary -->\n\t<footer class=\"entry-footer\">\n\t<\/footer><!-- .entry-footer -->\t\t<\/div>\n\t<\/article>\n<\/li>\n<\/ul>","protected":false},"excerpt":{"rendered":"<p>R\u00e9unions annuelles<\/p>\n","protected":false},"author":3,"featured_media":0,"parent":0,"menu_order":0,"comment_status":"closed","ping_status":"closed","template":"","meta":{"inline_featured_image":false,"_uag_custom_page_level_css":"","site-sidebar-layout":"default","site-content-layout":"","ast-site-content-layout":"default","site-content-style":"default","site-sidebar-style":"default","ast-global-header-display":"","ast-banner-title-visibility":"","ast-main-header-display":"","ast-hfb-above-header-display":"","ast-hfb-below-header-display":"","ast-hfb-mobile-header-display":"","site-post-title":"disabled","ast-breadcrumbs-content":"","ast-featured-img":"","footer-sml-layout":"","ast-disable-related-posts":"","theme-transparent-header-meta":"","adv-header-id-meta":"","stick-header-meta":"","header-above-stick-meta":"","header-main-stick-meta":"","header-below-stick-meta":"","astra-migrate-meta-layouts":"set","ast-page-background-enabled":"default","ast-page-background-meta":{"desktop":{"background-color":"var(--ast-global-color-4)","background-image":"","background-repeat":"repeat","background-position":"center center","background-size":"auto","background-attachment":"scroll","background-type":"","background-media":"","overlay-type":"","overlay-color":"","overlay-opacity":"","overlay-gradient":""},"tablet":{"background-color":"","background-image":"","background-repeat":"repeat","background-position":"center center","background-size":"auto","background-attachment":"scroll","background-type":"","background-media":"","overlay-type":"","overlay-color":"","overlay-opacity":"","overlay-gradient":""},"mobile":{"background-color":"","background-image":"","background-repeat":"repeat","background-position":"center center","background-size":"auto","background-attachment":"scroll","background-type":"","background-media":"","overlay-type":"","overlay-color":"","overlay-opacity":"","overlay-gradient":""}},"ast-content-background-meta":{"desktop":{"background-color":"var(--ast-global-color-5)","background-image":"","background-repeat":"repeat","background-position":"center center","background-size":"auto","background-attachment":"scroll","background-type":"","background-media":"","overlay-type":"","overlay-color":"","overlay-opacity":"","overlay-gradient":""},"tablet":{"background-color":"var(--ast-global-color-5)","background-image":"","background-repeat":"repeat","background-position":"center center","background-size":"auto","background-attachment":"scroll","background-type":"","background-media":"","overlay-type":"","overlay-color":"","overlay-opacity":"","overlay-gradient":""},"mobile":{"background-color":"var(--ast-global-color-5)","background-image":"","background-repeat":"repeat","background-position":"center center","background-size":"auto","background-attachment":"scroll","background-type":"","background-media":"","overlay-type":"","overlay-color":"","overlay-opacity":"","overlay-gradient":""}},"footnotes":""},"class_list":["post-2494","page","type-page","status-publish","hentry"],"yoast_head":"<!-- This site is optimized with the Yoast SEO plugin v27.5 - https:\/\/yoast.com\/product\/yoast-seo-wordpress\/ -->\n<title>R\u00e9unions annuelles - CMPS \/ KSG<\/title>\n<meta name=\"robots\" content=\"index, follow, max-snippet:-1, max-image-preview:large, max-video-preview:-1\" \/>\n<link rel=\"canonical\" href=\"https:\/\/cmps-ksg.ch\/fr\/reunions-annuelles\/\" \/>\n<meta property=\"og:locale\" content=\"fr_FR\" \/>\n<meta property=\"og:type\" content=\"article\" \/>\n<meta property=\"og:title\" content=\"R\u00e9unions annuelles - CMPS \/ KSG\" \/>\n<meta property=\"og:description\" content=\"R\u00e9unions annuelles\" \/>\n<meta property=\"og:url\" content=\"https:\/\/cmps-ksg.ch\/fr\/reunions-annuelles\/\" \/>\n<meta property=\"og:site_name\" content=\"CMPS \/ KSG\" \/>\n<meta property=\"article:modified_time\" content=\"2025-02-12T18:17:08+00:00\" \/>\n<meta name=\"twitter:card\" content=\"summary_large_image\" \/>\n<meta name=\"twitter:label1\" content=\"Dur\u00e9e de lecture estim\u00e9e\" \/>\n\t<meta name=\"twitter:data1\" content=\"1 minute\" \/>\n<script type=\"application\/ld+json\" class=\"yoast-schema-graph\">{\"@context\":\"https:\\\/\\\/schema.org\",\"@graph\":[{\"@type\":\"WebPage\",\"@id\":\"https:\\\/\\\/cmps-ksg.ch\\\/fr\\\/reunions-annuelles\\\/\",\"url\":\"https:\\\/\\\/cmps-ksg.ch\\\/fr\\\/reunions-annuelles\\\/\",\"name\":\"R\u00e9unions annuelles - CMPS \\\/ KSG\",\"isPartOf\":{\"@id\":\"https:\\\/\\\/cmps-ksg.ch\\\/#website\"},\"datePublished\":\"2025-02-12T16:50:42+00:00\",\"dateModified\":\"2025-02-12T18:17:08+00:00\",\"breadcrumb\":{\"@id\":\"https:\\\/\\\/cmps-ksg.ch\\\/fr\\\/reunions-annuelles\\\/#breadcrumb\"},\"inLanguage\":\"fr-FR\",\"potentialAction\":[{\"@type\":\"ReadAction\",\"target\":[\"https:\\\/\\\/cmps-ksg.ch\\\/fr\\\/reunions-annuelles\\\/\"]}]},{\"@type\":\"BreadcrumbList\",\"@id\":\"https:\\\/\\\/cmps-ksg.ch\\\/fr\\\/reunions-annuelles\\\/#breadcrumb\",\"itemListElement\":[{\"@type\":\"ListItem\",\"position\":1,\"name\":\"Home\",\"item\":\"https:\\\/\\\/cmps-ksg.ch\\\/fr\\\/\"},{\"@type\":\"ListItem\",\"position\":2,\"name\":\"R\u00e9unions annuelles\"}]},{\"@type\":\"WebSite\",\"@id\":\"https:\\\/\\\/cmps-ksg.ch\\\/#website\",\"url\":\"https:\\\/\\\/cmps-ksg.ch\\\/\",\"name\":\"CMPS \\\/ KSG\",\"description\":\"\",\"publisher\":{\"@id\":\"https:\\\/\\\/cmps-ksg.ch\\\/#organization\"},\"potentialAction\":[{\"@type\":\"SearchAction\",\"target\":{\"@type\":\"EntryPoint\",\"urlTemplate\":\"https:\\\/\\\/cmps-ksg.ch\\\/?s={search_term_string}\"},\"query-input\":{\"@type\":\"PropertyValueSpecification\",\"valueRequired\":true,\"valueName\":\"search_term_string\"}}],\"inLanguage\":\"fr-FR\"},{\"@type\":\"Organization\",\"@id\":\"https:\\\/\\\/cmps-ksg.ch\\\/#organization\",\"name\":\"CMPS \\\/ KSG\",\"url\":\"https:\\\/\\\/cmps-ksg.ch\\\/\",\"logo\":{\"@type\":\"ImageObject\",\"inLanguage\":\"fr-FR\",\"@id\":\"https:\\\/\\\/cmps-ksg.ch\\\/#\\\/schema\\\/logo\\\/image\\\/\",\"url\":\"https:\\\/\\\/cmps-ksg.ch\\\/wp-content\\\/uploads\\\/2023\\\/05\\\/logo_cmps-ksg.svg\",\"contentUrl\":\"https:\\\/\\\/cmps-ksg.ch\\\/wp-content\\\/uploads\\\/2023\\\/05\\\/logo_cmps-ksg.svg\",\"caption\":\"CMPS \\\/ KSG\"},\"image\":{\"@id\":\"https:\\\/\\\/cmps-ksg.ch\\\/#\\\/schema\\\/logo\\\/image\\\/\"}}]}<\/script>\n<!-- \/ Yoast SEO plugin. -->","yoast_head_json":{"title":"R\u00e9unions annuelles - CMPS \/ KSG","robots":{"index":"index","follow":"follow","max-snippet":"max-snippet:-1","max-image-preview":"max-image-preview:large","max-video-preview":"max-video-preview:-1"},"canonical":"https:\/\/cmps-ksg.ch\/fr\/reunions-annuelles\/","og_locale":"fr_FR","og_type":"article","og_title":"R\u00e9unions annuelles - CMPS \/ KSG","og_description":"R\u00e9unions annuelles","og_url":"https:\/\/cmps-ksg.ch\/fr\/reunions-annuelles\/","og_site_name":"CMPS \/ KSG","article_modified_time":"2025-02-12T18:17:08+00:00","twitter_card":"summary_large_image","twitter_misc":{"Dur\u00e9e de lecture estim\u00e9e":"1 minute"},"schema":{"@context":"https:\/\/schema.org","@graph":[{"@type":"WebPage","@id":"https:\/\/cmps-ksg.ch\/fr\/reunions-annuelles\/","url":"https:\/\/cmps-ksg.ch\/fr\/reunions-annuelles\/","name":"R\u00e9unions annuelles - CMPS \/ KSG","isPartOf":{"@id":"https:\/\/cmps-ksg.ch\/#website"},"datePublished":"2025-02-12T16:50:42+00:00","dateModified":"2025-02-12T18:17:08+00:00","breadcrumb":{"@id":"https:\/\/cmps-ksg.ch\/fr\/reunions-annuelles\/#breadcrumb"},"inLanguage":"fr-FR","potentialAction":[{"@type":"ReadAction","target":["https:\/\/cmps-ksg.ch\/fr\/reunions-annuelles\/"]}]},{"@type":"BreadcrumbList","@id":"https:\/\/cmps-ksg.ch\/fr\/reunions-annuelles\/#breadcrumb","itemListElement":[{"@type":"ListItem","position":1,"name":"Home","item":"https:\/\/cmps-ksg.ch\/fr\/"},{"@type":"ListItem","position":2,"name":"R\u00e9unions annuelles"}]},{"@type":"WebSite","@id":"https:\/\/cmps-ksg.ch\/#website","url":"https:\/\/cmps-ksg.ch\/","name":"CMPS \/ KSG","description":"","publisher":{"@id":"https:\/\/cmps-ksg.ch\/#organization"},"potentialAction":[{"@type":"SearchAction","target":{"@type":"EntryPoint","urlTemplate":"https:\/\/cmps-ksg.ch\/?s={search_term_string}"},"query-input":{"@type":"PropertyValueSpecification","valueRequired":true,"valueName":"search_term_string"}}],"inLanguage":"fr-FR"},{"@type":"Organization","@id":"https:\/\/cmps-ksg.ch\/#organization","name":"CMPS \/ KSG","url":"https:\/\/cmps-ksg.ch\/","logo":{"@type":"ImageObject","inLanguage":"fr-FR","@id":"https:\/\/cmps-ksg.ch\/#\/schema\/logo\/image\/","url":"https:\/\/cmps-ksg.ch\/wp-content\/uploads\/2023\/05\/logo_cmps-ksg.svg","contentUrl":"https:\/\/cmps-ksg.ch\/wp-content\/uploads\/2023\/05\/logo_cmps-ksg.svg","caption":"CMPS \/ KSG"},"image":{"@id":"https:\/\/cmps-ksg.ch\/#\/schema\/logo\/image\/"}}]}},"uagb_featured_image_src":{"full":false,"thumbnail":false,"medium":false,"medium_large":false,"large":false,"1536x1536":false,"2048x2048":false},"uagb_author_info":{"display_name":"Daniel Kauer","author_link":"https:\/\/cmps-ksg.ch\/fr\/author\/dankau394a20fhg72hao\/"},"uagb_comment_info":0,"uagb_excerpt":"R\u00e9unions annuelles","_links":{"self":[{"href":"https:\/\/cmps-ksg.ch\/fr\/wp-json\/wp\/v2\/pages\/2494","targetHints":{"allow":["GET"]}}],"collection":[{"href":"https:\/\/cmps-ksg.ch\/fr\/wp-json\/wp\/v2\/pages"}],"about":[{"href":"https:\/\/cmps-ksg.ch\/fr\/wp-json\/wp\/v2\/types\/page"}],"author":[{"embeddable":true,"href":"https:\/\/cmps-ksg.ch\/fr\/wp-json\/wp\/v2\/users\/3"}],"replies":[{"embeddable":true,"href":"https:\/\/cmps-ksg.ch\/fr\/wp-json\/wp\/v2\/comments?post=2494"}],"version-history":[{"count":6,"href":"https:\/\/cmps-ksg.ch\/fr\/wp-json\/wp\/v2\/pages\/2494\/revisions"}],"predecessor-version":[{"id":2518,"href":"https:\/\/cmps-ksg.ch\/fr\/wp-json\/wp\/v2\/pages\/2494\/revisions\/2518"}],"wp:attachment":[{"href":"https:\/\/cmps-ksg.ch\/fr\/wp-json\/wp\/v2\/media?parent=2494"}],"curies":[{"name":"wp","href":"https:\/\/api.w.org\/{rel}","templated":true}]}}